{"id":11313,"date":"2018-09-01T17:10:49","date_gmt":"2018-09-01T17:10:49","guid":{"rendered":"https:\/\/www.martinaarch.com\/project\/fm27-sanierung-von-wohngebaeuden\/"},"modified":"2026-04-23T15:36:44","modified_gmt":"2026-04-23T15:36:44","slug":"fm27-sanierung-von-wohngebaeuden","status":"publish","type":"avada_portfolio","link":"https:\/\/www.martinaarch.com\/de\/project\/fm27-sanierung-von-wohngebaeuden\/","title":{"rendered":"FM27 &#8211; Sanierung von Wohngeb\u00e4uden"},"content":{"rendered":"<p><div class=\"fusion-fullwidth fullwidth-box fusion-builder-row-1 nonhundred-percent-fullwidth non-hundred-percent-height-scrolling\" style=\"--awb-border-radius-top-left:0px;--awb-border-radius-top-right:0px;--awb-border-radius-bottom-right:0px;--awb-border-radius-bottom-left:0px;--awb-padding-top:0px;--awb-flex-wrap:wrap;\" ><div class=\"fusion-builder-row fusion-row\"><div class=\"fusion-layout-column fusion_builder_column fusion-builder-column-0 fusion_builder_column_1_2 1_2 fusion-one-half fusion-column-first fusion-animated\" style=\"--awb-padding-left:160px;--awb-bg-size:cover;--awb-margin-top:0px;--awb-margin-bottom:0px;width:50%;width:calc(50% - ( ( 4% ) * 0.5 ) );margin-right: 4%;\" data-animationType=\"fadeIn\" data-animationDuration=\"0.8\" data-animationOffset=\"top-into-view\"><div class=\"fusion-column-wrapper fusion-column-has-shadow fusion-flex-column-wrapper-legacy\"><div class=\"fusion-image-element in-legacy-container\" style=\"--awb-caption-title-font-family:var(--h2_typography-font-family);--awb-caption-title-font-weight:var(--h2_typography-font-weight);--awb-caption-title-font-style:var(--h2_typography-font-style);--awb-caption-title-size:var(--h2_typography-font-size);--awb-caption-title-transform:var(--h2_typography-text-transform);--awb-caption-title-line-height:var(--h2_typography-line-height);--awb-caption-title-letter-spacing:var(--h2_typography-letter-spacing);\"><span class=\" fusion-imageframe imageframe-none imageframe-1 hover-type-none\"><img decoding=\"async\" width=\"282\" height=\"462\" title=\"fontedemassarelos_outline\" src=\"https:\/\/www.martinaarch.com\/wp-content\/uploads\/2022\/05\/fontedemassarelos_outline.png\" alt class=\"img-responsive wp-image-9102\" srcset=\"https:\/\/www.martinaarch.com\/wp-content\/uploads\/2022\/05\/fontedemassarelos_outline-200x328.png 200w, https:\/\/www.martinaarch.com\/wp-content\/uploads\/2022\/05\/fontedemassarelos_outline.png 282w\" sizes=\"(max-width: 900px) 100vw, 282px\" \/><\/span><\/div><div class=\"fusion-clearfix\"><\/div><\/div><\/div><div class=\"fusion-layout-column fusion_builder_column fusion-builder-column-1 fusion_builder_column_1_2 1_2 fusion-one-half fusion-column-last fusion-animated\" style=\"--awb-bg-size:cover;--awb-margin-top:10px;--awb-margin-bottom:0px;width:50%;width:calc(50% - ( ( 4% ) * 0.5 ) );\" data-animationType=\"fadeIn\" data-animationDuration=\"0.8\" data-animationOffset=\"top-into-view\"><div class=\"fusion-column-wrapper fusion-column-has-shadow fusion-flex-column-wrapper-legacy\"><div class=\"fusion-title title fusion-title-1 fusion-sep-none fusion-title-text fusion-title-size-two\" style=\"--awb-margin-top:0px;--awb-margin-top-small:0px;\"><h2 class=\"fusion-title-heading title-heading-left fusion-responsive-typography-calculated\" style=\"margin:0;--fontSize:44;line-height:1.26;\"><h3>FM27 | Porto<\/h3><\/h2><\/div><div class=\"fusion-title title fusion-title-2 fusion-sep-none fusion-title-text fusion-title-size-two\" style=\"--awb-margin-top:0px;--awb-margin-top-small:0px;\"><h2 class=\"fusion-title-heading title-heading-left fusion-responsive-typography-calculated\" style=\"margin:0;--fontSize:44;line-height:1.26;\"><h6>Wohnen<\/h6><\/h2><\/div><div class=\"fusion-builder-row fusion-builder-row-inner fusion-row\"><div class=\"fusion-layout-column fusion_builder_column_inner fusion-builder-nested-column-0 fusion_builder_column_inner_1_1 1_1 fusion-one-full fusion-column-first fusion-column-last\" style=\"--awb-bg-size:cover;--awb-margin-top:0px;--awb-margin-bottom:0px;\"><div class=\"fusion-column-wrapper fusion-column-has-shadow fusion-flex-column-wrapper-legacy\"><div class=\"fusion-text fusion-text-1 paragraph-small\" style=\"--awb-text-transform:none;\"><p style=\"font-size: 14px; line-height: 12px;\" data-fusion-font=\"true\"><span style=\"color: #181b20;\">Kunde: Privat<\/span><\/p>\n<p style=\"font-size: 14px; line-height: 12px;\" data-fusion-font=\"true\"><span style=\"color: #181b20;\">Fl\u00e4che: 300 m2<\/span><\/p>\n<p style=\"font-size: 14px; line-height: 12px;\" data-fusion-font=\"true\"><span style=\"color: #181b20;\">Team: noch zu definieren<\/span><\/p>\n<p style=\"font-size: 14px; line-height: 12px;\" data-fusion-font=\"true\"><span style=\"color: #181b20;\">Konstruktion: noch zu bestimmen<\/span><\/p>\n<p style=\"font-size: 14px; line-height: 12px;\" data-fusion-font=\"true\"><span style=\"color: #181b20; background-color: rgba(255, 255, 255, 0); font-family: var(--body_typography-font-family); font-style: var(--body_typography-font-style,normal); font-weight: var(--body_typography-font-weight); letter-spacing: var(--body_typography-letter-spacing);\">Kontraktualisierung: 2018<\/span><\/p>\n<\/div><div class=\"fusion-title title fusion-title-3 fusion-sep-none fusion-title-text fusion-title-size-six\" style=\"--awb-margin-top:0px;\"><h6 class=\"fusion-title-heading title-heading-left fusion-responsive-typography-calculated\" style=\"margin:0;--fontSize:12;--minFontSize:12;line-height:1.72;\">[im Projekt]<\/h6><\/div><div class=\"fusion-clearfix\"><\/div><\/div><\/div><\/div><div class=\"fusion-sep-clear\"><\/div><div class=\"fusion-separator fusion-clearfix\" style=\"float:left;margin-top:16px;margin-bottom:32px;width:100%;max-width:16px;\"><div class=\"fusion-separator-border sep-single sep-solid\" style=\"--awb-height:20px;--awb-amount:20px;--awb-sep-color:rgba(40,45,51,0.2);border-color:rgba(40,45,51,0.2);border-top-width:3px;\"><\/div><\/div><div class=\"fusion-sep-clear\"><\/div><div class=\"fusion-clearfix\"><\/div><\/div><\/div><\/div><\/div><div class=\"fusion-fullwidth fullwidth-box fusion-builder-row-2 nonhundred-percent-fullwidth non-hundred-percent-height-scrolling\" style=\"--awb-border-radius-top-left:0px;--awb-border-radius-top-right:0px;--awb-border-radius-bottom-right:0px;--awb-border-radius-bottom-left:0px;--awb-padding-top:0px;--awb-padding-bottom:0%;--awb-margin-top:0px;--awb-margin-bottom:60px;--awb-flex-wrap:wrap;\" ><div class=\"fusion-builder-row fusion-row\"><div class=\"fusion-layout-column fusion_builder_column fusion-builder-column-2 fusion_builder_column_1_2 1_2 fusion-one-half fusion-column-first fusion-column-no-min-height fusion-animated\" style=\"--awb-bg-size:cover;--awb-margin-top:0px;--awb-margin-bottom:0px;width:50%;width:calc(50% - ( ( 4% ) * 0.5 ) );margin-right: 4%;\" data-animationType=\"fadeIn\" data-animationDuration=\"0.8\" data-animationOffset=\"top-into-view\"><div class=\"fusion-column-wrapper fusion-column-has-shadow fusion-flex-column-wrapper-legacy\"><div class=\"fusion-column-content-centered\"><div class=\"fusion-column-content\"><div class=\"fusion-builder-row fusion-builder-row-inner fusion-row\"><div class=\"fusion-layout-column fusion_builder_column_inner fusion-builder-nested-column-1 fusion_builder_column_inner_1_1 1_1 fusion-one-full fusion-column-first fusion-column-last\" style=\"--awb-bg-size:cover;--awb-margin-bottom:0px;\"><div class=\"fusion-column-wrapper fusion-column-has-shadow fusion-flex-column-wrapper-legacy\"><div class=\"fusion-column-content-centered\"><div class=\"fusion-column-content\"><div class=\"fusion-text fusion-text-2\"><h6 style=\"text-align: left;\">Aufarbeitung der Geschichte und des Charakters der einzelnen Werke<\/h6>\n<\/div><div class=\"fusion-text fusion-text-3\" style=\"--awb-text-transform:none;\"><p>Das Geb\u00e4ude befindet sich in einem der \u00e4ltesten Viertel der Stadt Porto, in Massarelos.<\/p>\n<p>Die Form ist keineswegs orthogonal, das Volumen ist in einer Schublade verteilt. Es hebt sich mit seiner gelben Farbe vom Stadtbild ab und zeigt sich mit seiner mit religi\u00f6sen Details verzierten Fassade als unnachahmlich.  <\/p>\n<p>FM27 ist eine Zeichnung historischer Architektur, die in enger Beziehung zur Stadt Porto steht.<\/p><\/p>\n<\/div><div class=\"fusion-sep-clear\"><\/div><div class=\"fusion-separator fusion-full-width-sep\" style=\"margin-left: auto;margin-right: auto;margin-top:10px;width:100%;\"><\/div><div class=\"fusion-sep-clear\"><\/div><\/div><\/div><div class=\"fusion-clearfix\"><\/div><\/div><\/div><\/div><\/div><\/div><div class=\"fusion-clearfix\"><\/div><\/div><\/div><div class=\"fusion-layout-column fusion_builder_column fusion-builder-column-3 fusion_builder_column_1_2 1_2 fusion-one-half fusion-column-last fusion-animated\" style=\"--awb-bg-size:cover;--awb-margin-top:0px;--awb-margin-bottom:0px;width:50%;width:calc(50% - ( ( 4% ) * 0.5 ) );\" data-animationType=\"fadeIn\" data-animationDuration=\"0.8\" data-animationOffset=\"top-into-view\"><div class=\"fusion-column-wrapper fusion-column-has-shadow fusion-flex-column-wrapper-legacy\"><div class=\"fusion-video fusion-selfhosted-video\" style=\"max-width:100%;\"><div class=\"video-wrapper\"><video playsinline=\"true\" width=\"100%\" style=\"object-fit: cover;\" autoplay=\"true\" muted=\"true\" loop=\"true\" preload=\"auto\" controls=\"1\"><source src=\"https:\/\/martinaarch.com\/wp-content\/uploads\/2022\/05\/Sem-nome-1080-\u00d7-700-px-1080-\u00d7-1080-px-1024-\u00d7-768-px.mp4\" type=\"video\/mp4\">Sorry, your browser doesn&#039;t support embedded videos.<\/video><\/div><\/div><div class=\"fusion-text fusion-text-4\"><h6 style=\"text-align: center;\">Grundrisse: 0, Typ Etage und Penthouse<\/h6>\n<\/div><div class=\"fusion-clearfix\"><\/div><\/div><\/div><\/div><\/div><div class=\"fusion-fullwidth fullwidth-box fusion-builder-row-3 nonhundred-percent-fullwidth non-hundred-percent-height-scrolling\" style=\"--awb-border-radius-top-left:0px;--awb-border-radius-top-right:0px;--awb-border-radius-bottom-right:0px;--awb-border-radius-bottom-left:0px;--awb-padding-top:0px;--awb-padding-bottom:2%;--awb-margin-top:0px;--awb-margin-bottom:60px;--awb-flex-wrap:wrap;\" ><div class=\"fusion-builder-row fusion-row\"><div class=\"fusion-layout-column fusion_builder_column fusion-builder-column-4 fusion_builder_column_1_2 1_2 fusion-one-half fusion-column-first fusion-animated\" style=\"--awb-padding-left:72px;--awb-bg-size:cover;--awb-margin-bottom:40px;width:50%;width:calc(50% - ( ( 4% ) * 0.5 ) );margin-right: 4%;\" data-animationType=\"fadeIn\" data-animationDuration=\"0.8\" data-animationOffset=\"top-into-view\"><div class=\"fusion-column-wrapper fusion-column-has-shadow fusion-flex-column-wrapper-legacy\"><div class=\"fusion-image-element in-legacy-container\" style=\"--awb-caption-title-font-family:var(--h2_typography-font-family);--awb-caption-title-font-weight:var(--h2_typography-font-weight);--awb-caption-title-font-style:var(--h2_typography-font-style);--awb-caption-title-size:var(--h2_typography-font-size);--awb-caption-title-transform:var(--h2_typography-text-transform);--awb-caption-title-line-height:var(--h2_typography-line-height);--awb-caption-title-letter-spacing:var(--h2_typography-letter-spacing);\"><span class=\" fusion-imageframe imageframe-none imageframe-2 hover-type-none\"><img decoding=\"async\" width=\"278\" height=\"300\" title=\"FM | Estudo Previo VERSAO A\" src=\"https:\/\/www.martinaarch.com\/wp-content\/uploads\/2022\/05\/alcado-278x300-1.jpg\" alt class=\"img-responsive wp-image-9047\" srcset=\"https:\/\/www.martinaarch.com\/wp-content\/uploads\/2022\/05\/alcado-278x300-1-200x216.jpg 200w, https:\/\/www.martinaarch.com\/wp-content\/uploads\/2022\/05\/alcado-278x300-1.jpg 278w\" sizes=\"(max-width: 900px) 100vw, 278px\" \/><\/span><\/div><div class=\"fusion-clearfix\"><\/div><\/div><\/div><div class=\"fusion-layout-column fusion_builder_column fusion-builder-column-5 fusion_builder_column_1_2 1_2 fusion-one-half fusion-column-last fusion-column-no-min-height fusion-animated\" style=\"--awb-bg-size:cover;--awb-margin-top:0px;--awb-margin-bottom:0px;width:50%;width:calc(50% - ( ( 4% ) * 0.5 ) );\" data-animationType=\"fadeIn\" data-animationDuration=\"0.8\" data-animationOffset=\"top-into-view\"><div class=\"fusion-column-wrapper fusion-column-has-shadow fusion-flex-column-wrapper-legacy\"><div class=\"fusion-column-content-centered\"><div class=\"fusion-column-content\"><div class=\"fusion-builder-row fusion-builder-row-inner fusion-row\"><div class=\"fusion-layout-column fusion_builder_column_inner fusion-builder-nested-column-2 fusion_builder_column_inner_1_1 1_1 fusion-one-full fusion-column-first fusion-column-last\" style=\"--awb-bg-size:cover;--awb-margin-bottom:0px;\"><div class=\"fusion-column-wrapper fusion-column-has-shadow fusion-flex-column-wrapper-legacy\"><div class=\"fusion-column-content-centered\"><div class=\"fusion-column-content\"><div class=\"fusion-text fusion-text-5\"><h6 style=\"text-align: right;\">Angepasste Requalifizierung<\/h6>\n<\/div><div class=\"fusion-text fusion-text-6\" style=\"--awb-text-transform:none;\"><p>Die Pr\u00e4misse ist eine angepasste und integrierte Neugestaltung der Stadt als Ganzes. Es bestand die Notwendigkeit, einen neuen Eingang und damit eine neue Etage zu schaffen, um einen gemeinsamen Eingang f\u00fcr alle Etagen zu erm\u00f6glichen.<\/p>\n<p>Das Innere wurde auf der Grundlage eines m\u00e4chtigen religi\u00f6sen Erbes umgestaltet, die Fassade wurde beibehalten und gerade noch erhalten.<\/p><\/p>\n<\/div><div class=\"fusion-sep-clear\"><\/div><div class=\"fusion-separator fusion-full-width-sep\" style=\"margin-left: auto;margin-right: auto;margin-top:10px;width:100%;\"><\/div><div class=\"fusion-sep-clear\"><\/div><\/div><\/div><div class=\"fusion-clearfix\"><\/div><\/div><\/div><\/div><\/div><\/div><div class=\"fusion-clearfix\"><\/div><\/div><\/div><\/div><\/div><\/p>\n","protected":false},"excerpt":{"rendered":"","protected":false},"author":1,"featured_media":9042,"menu_order":0,"comment_status":"open","ping_status":"closed","template":"","format":"standard","meta":{"_joinchat":[],"footnotes":""},"portfolio_category":[170,178],"portfolio_skills":[],"portfolio_tags":[128,111],"class_list":["post-11313","avada_portfolio","type-avada_portfolio","status-publish","format-standard","has-post-thumbnail","hentry","portfolio_category-architectuur","portfolio_category-meergezinswoningen","portfolio_tags-mehrfamilienhauser","portfolio_tags-renovierung"],"_links":{"self":[{"href":"https:\/\/www.martinaarch.com\/de\/wp-json\/wp\/v2\/avada_portfolio\/11313","targetHints":{"allow":["GET"]}}],"collection":[{"href":"https:\/\/www.martinaarch.com\/de\/wp-json\/wp\/v2\/avada_portfolio"}],"about":[{"href":"https:\/\/www.martinaarch.com\/de\/wp-json\/wp\/v2\/types\/avada_portfolio"}],"author":[{"embeddable":true,"href":"https:\/\/www.martinaarch.com\/de\/wp-json\/wp\/v2\/users\/1"}],"replies":[{"embeddable":true,"href":"https:\/\/www.martinaarch.com\/de\/wp-json\/wp\/v2\/comments?post=11313"}],"version-history":[{"count":12,"href":"https:\/\/www.martinaarch.com\/de\/wp-json\/wp\/v2\/avada_portfolio\/11313\/revisions"}],"predecessor-version":[{"id":26493,"href":"https:\/\/www.martinaarch.com\/de\/wp-json\/wp\/v2\/avada_portfolio\/11313\/revisions\/26493"}],"wp:featuredmedia":[{"embeddable":true,"href":"https:\/\/www.martinaarch.com\/de\/wp-json\/wp\/v2\/media\/9042"}],"wp:attachment":[{"href":"https:\/\/www.martinaarch.com\/de\/wp-json\/wp\/v2\/media?parent=11313"}],"wp:term":[{"taxonomy":"portfolio_category","embeddable":true,"href":"https:\/\/www.martinaarch.com\/de\/wp-json\/wp\/v2\/portfolio_category?post=11313"},{"taxonomy":"portfolio_skills","embeddable":true,"href":"https:\/\/www.martinaarch.com\/de\/wp-json\/wp\/v2\/portfolio_skills?post=11313"},{"taxonomy":"portfolio_tags","embeddable":true,"href":"https:\/\/www.martinaarch.com\/de\/wp-json\/wp\/v2\/portfolio_tags?post=11313"}],"curies":[{"name":"wp","href":"https:\/\/api.w.org\/{rel}","templated":true}]}}