{"id":21777,"date":"2025-04-07T19:47:12","date_gmt":"2025-04-07T19:47:12","guid":{"rendered":"https:\/\/www.martinaarch.com\/?post_type=avada_portfolio&#038;p=21777"},"modified":"2026-04-23T16:02:15","modified_gmt":"2026-04-23T16:02:15","slug":"sv21-rehabilitacion-del-edificio-sao-vitor","status":"publish","type":"avada_portfolio","link":"https:\/\/www.martinaarch.com\/es\/project\/sv21-rehabilitacion-del-edificio-sao-vitor\/","title":{"rendered":"Rehabilitaci\u00f3n de edificios | S\u00e3o Vitor"},"content":{"rendered":"<p><div class=\"fusion-fullwidth fullwidth-box fusion-builder-row-1 nonhundred-percent-fullwidth non-hundred-percent-height-scrolling\" style=\"--awb-border-radius-top-left:0px;--awb-border-radius-top-right:0px;--awb-border-radius-bottom-right:0px;--awb-border-radius-bottom-left:0px;--awb-padding-top:0px;--awb-padding-bottom:0%;--awb-margin-bottom:0px;--awb-flex-wrap:wrap;\" ><div class=\"fusion-builder-row fusion-row\"><div class=\"fusion-layout-column fusion_builder_column fusion-builder-column-0 fusion_builder_column_1_2 1_2 fusion-one-half fusion-column-first fusion-animated\" style=\"--awb-bg-size:cover;--awb-margin-top:0px;--awb-margin-bottom:0px;width:50%;width:calc(50% - ( ( 4% ) * 0.5 ) );margin-right: 4%;\" data-animationType=\"fadeIn\" data-animationDuration=\"0.8\" data-animationOffset=\"top-into-view\"><div class=\"fusion-column-wrapper fusion-column-has-shadow fusion-flex-column-wrapper-legacy\"><div class=\"fusion-image-element fusion-image-align-center in-legacy-container\" style=\"text-align:center;--awb-caption-title-font-family:var(--h2_typography-font-family);--awb-caption-title-font-weight:var(--h2_typography-font-weight);--awb-caption-title-font-style:var(--h2_typography-font-style);--awb-caption-title-size:var(--h2_typography-font-size);--awb-caption-title-transform:var(--h2_typography-text-transform);--awb-caption-title-line-height:var(--h2_typography-line-height);--awb-caption-title-letter-spacing:var(--h2_typography-letter-spacing);\"><div class=\"imageframe-align-center\"><span class=\" fusion-imageframe imageframe-none imageframe-1 hover-type-none\"><img decoding=\"async\" width=\"1200\" height=\"849\" title=\"APRESENTA\u00c7\u00c3O S. VITOR_2\" src=\"https:\/\/www.martinaarch.com\/wp-content\/uploads\/2025\/04\/APRESENTACAO-S.-VITOR_2-1200x849.jpg\" alt class=\"img-responsive wp-image-21510\" srcset=\"https:\/\/www.martinaarch.com\/wp-content\/uploads\/2025\/04\/APRESENTACAO-S.-VITOR_2-200x141.jpg 200w, https:\/\/www.martinaarch.com\/wp-content\/uploads\/2025\/04\/APRESENTACAO-S.-VITOR_2-400x283.jpg 400w, https:\/\/www.martinaarch.com\/wp-content\/uploads\/2025\/04\/APRESENTACAO-S.-VITOR_2-600x424.jpg 600w, https:\/\/www.martinaarch.com\/wp-content\/uploads\/2025\/04\/APRESENTACAO-S.-VITOR_2-800x566.jpg 800w, https:\/\/www.martinaarch.com\/wp-content\/uploads\/2025\/04\/APRESENTACAO-S.-VITOR_2-1200x849.jpg 1200w\" sizes=\"(max-width: 900px) 100vw, 800px\" \/><\/span><\/div><\/div><div class=\"fusion-clearfix\"><\/div><\/div><\/div><div class=\"fusion-layout-column fusion_builder_column fusion-builder-column-1 fusion_builder_column_1_2 1_2 fusion-one-half fusion-column-last fusion-animated\" style=\"--awb-bg-size:cover;--awb-margin-top:10px;--awb-margin-bottom:0px;width:50%;width:calc(50% - ( ( 4% ) * 0.5 ) );\" data-animationType=\"fadeIn\" data-animationDuration=\"0.8\" data-animationOffset=\"top-into-view\"><div class=\"fusion-column-wrapper fusion-column-has-shadow fusion-flex-column-wrapper-legacy\"><div class=\"fusion-title title fusion-title-1 fusion-sep-none fusion-title-text fusion-title-size-two\" style=\"--awb-margin-top:0px;--awb-margin-top-small:0px;\"><h2 class=\"fusion-title-heading title-heading-left fusion-responsive-typography-calculated\" style=\"margin:0;--fontSize:44;line-height:1.26;\"><h3 data-pm-slice=\"1 1 &#091;&#093;\">SV21 | Rehabilitaci\u00f3n de edificios<\/h3><\/h2><\/div><div class=\"fusion-builder-row fusion-builder-row-inner fusion-row\"><div class=\"fusion-layout-column fusion_builder_column_inner fusion-builder-nested-column-0 fusion_builder_column_inner_1_1 1_1 fusion-one-full fusion-column-first fusion-column-last\" style=\"--awb-bg-size:cover;--awb-margin-top:0px;--awb-margin-bottom:0px;\"><div class=\"fusion-column-wrapper fusion-column-has-shadow fusion-flex-column-wrapper-legacy\"><div class=\"fusion-text fusion-text-1 paragraph-small\" style=\"--awb-text-transform:none;\"><p style=\"font-size: 14px; line-height: 12px;\" data-fusion-font=\"true\"><span style=\"color: #181b20;\"><span data-sheets-root=\"1\">Cliente: Promotor inmobiliario<\/span><\/span><\/p>\n<p style=\"font-size: 14px; line-height: 12px;\" data-fusion-font=\"true\"><span style=\"color: #181b20;\"><span data-sheets-root=\"1\">Superficie: 198,00 m2<\/span><\/span><\/p>\n<p style=\"font-size: 14px; line-height: 12px;\" data-fusion-font=\"true\"><span style=\"color: #181b20;\"><span data-sheets-root=\"1\">Equipo: Ingenier\u00eda: Ing Armanda Santos, Adesus Lda<\/span><\/span><\/p>\n<p style=\"font-size: 14px; line-height: 12px;\" data-fusion-font=\"true\"><span style=\"color: #181b20;\"><span data-sheets-root=\"1\">Construcci\u00f3n: por determinar<\/span><\/span><\/p>\n<p style=\"font-size: 14px; line-height: 12px;\" data-fusion-font=\"true\"><span style=\"color: #181b20;\"><span data-sheets-root=\"1\">Contractualizaci\u00f3n: 2024<\/span><\/span><\/p>\n<\/div><div class=\"fusion-title title fusion-title-2 fusion-sep-none fusion-title-text fusion-title-size-six\" style=\"--awb-margin-top:0px;\"><h6 class=\"fusion-title-heading title-heading-left fusion-responsive-typography-calculated\" style=\"margin:0;--fontSize:12;--minFontSize:12;line-height:1.72;\">[Trabajo]<\/h6><\/div><div class=\"fusion-clearfix\"><\/div><\/div><\/div><\/div><div class=\"fusion-sep-clear\"><\/div><div class=\"fusion-separator fusion-clearfix\" style=\"float:left;margin-top:16px;margin-bottom:32px;width:100%;max-width:16px;\"><div class=\"fusion-separator-border sep-single sep-solid\" style=\"--awb-height:20px;--awb-amount:20px;--awb-sep-color:rgba(40,45,51,0.2);border-color:rgba(40,45,51,0.2);border-top-width:3px;\"><\/div><\/div><div class=\"fusion-sep-clear\"><\/div><div class=\"fusion-clearfix\"><\/div><\/div><\/div><\/div><\/div><div class=\"fusion-fullwidth fullwidth-box fusion-builder-row-2 nonhundred-percent-fullwidth non-hundred-percent-height-scrolling\" style=\"--awb-border-radius-top-left:0px;--awb-border-radius-top-right:0px;--awb-border-radius-bottom-right:0px;--awb-border-radius-bottom-left:0px;--awb-padding-top:0px;--awb-padding-bottom:0%;--awb-margin-top:0px;--awb-margin-bottom:0px;--awb-flex-wrap:wrap;\" ><div class=\"fusion-builder-row fusion-row\"><div class=\"fusion-layout-column fusion_builder_column fusion-builder-column-2 fusion_builder_column_1_2 1_2 fusion-one-half fusion-column-first fusion-column-no-min-height fusion-animated\" style=\"--awb-padding-top:103.9861px;--awb-bg-size:cover;--awb-margin-top:0px;--awb-margin-bottom:0px;width:50%;width:calc(50% - ( ( 4% ) * 0.5 ) );margin-right: 4%;\" data-animationType=\"fadeIn\" data-animationDuration=\"0.8\" data-animationOffset=\"top-into-view\"><div class=\"fusion-column-wrapper fusion-column-has-shadow fusion-flex-column-wrapper-legacy\"><div class=\"fusion-column-content-centered\"><div class=\"fusion-column-content\"><div class=\"fusion-builder-row fusion-builder-row-inner fusion-row\"><div class=\"fusion-layout-column fusion_builder_column_inner fusion-builder-nested-column-1 fusion_builder_column_inner_1_1 1_1 fusion-one-full fusion-column-first fusion-column-last\" style=\"--awb-bg-size:cover;--awb-margin-top:0px;--awb-margin-bottom:0px;\"><div class=\"fusion-column-wrapper fusion-column-has-shadow fusion-flex-column-wrapper-legacy\"><div class=\"fusion-column-content-centered\"><div class=\"fusion-column-content\"><div class=\"fusion-text fusion-text-2\" style=\"--awb-text-transform:none;\"><p>La rehabilitaci\u00f3n de un edificio de viviendas en la Travessa de S\u00e3o V\u00edtor, en Oporto, <a href=\"https:\/\/www.instagram.com\/martina.architecture\/\" target=\"_blank\" rel=\"noopener\">transforma<\/a> una estructura vac\u00eda en un conjunto de pisos de un dormitorio, articulados en torno a un nuevo sistema de acceso que reinterpreta la conexi\u00f3n entre el interior y el espacio urbano.<\/p>\n<p>El <a href=\"https:\/\/www.martinaarch.com\/es\/portfolio_tags\/rehabilitacion\/\">proyecto<\/a> surgi\u00f3 de una condici\u00f3n particular: junto al edificio hab\u00eda un solar vac\u00edo, un espacio expectante que, en lugar de densificarse, se incorpor\u00f3 como elemento estructurante de la intervenci\u00f3n.<\/p>\n<\/div><div class=\"fusion-sep-clear\"><\/div><div class=\"fusion-separator fusion-full-width-sep\" style=\"margin-left: auto;margin-right: auto;margin-top:10px;width:100%;\"><\/div><div class=\"fusion-sep-clear\"><\/div><\/div><\/div><div class=\"fusion-clearfix\"><\/div><\/div><\/div><\/div><\/div><\/div><div class=\"fusion-clearfix\"><\/div><\/div><\/div><div class=\"fusion-layout-column fusion_builder_column fusion-builder-column-3 fusion_builder_column_1_2 1_2 fusion-one-half fusion-column-last fusion-animated\" style=\"--awb-bg-size:cover;--awb-margin-top:0px;--awb-margin-bottom:0px;width:50%;width:calc(50% - ( ( 4% ) * 0.5 ) );\" data-animationType=\"fadeIn\" data-animationDuration=\"0.8\" data-animationOffset=\"top-into-view\"><div class=\"fusion-column-wrapper fusion-column-has-shadow fusion-flex-column-wrapper-legacy\"><div class=\"fusion-image-element in-legacy-container\" style=\"--awb-max-width:610px;--awb-caption-title-font-family:var(--h2_typography-font-family);--awb-caption-title-font-weight:var(--h2_typography-font-weight);--awb-caption-title-font-style:var(--h2_typography-font-style);--awb-caption-title-size:var(--h2_typography-font-size);--awb-caption-title-transform:var(--h2_typography-text-transform);--awb-caption-title-line-height:var(--h2_typography-line-height);--awb-caption-title-letter-spacing:var(--h2_typography-letter-spacing);\"><span class=\" fusion-imageframe imageframe-none imageframe-2 hover-type-none\"><a class=\"fusion-no-lightbox\" href=\"https:\/\/www.instagram.com\/martina.architecture\/\" target=\"_self\" aria-label=\"Sem ti\u0301tulo &#8211; 17 de abril de 2024 13.12\" rel=\"noopener\"><img decoding=\"async\" width=\"1200\" height=\"838\" src=\"https:\/\/www.martinaarch.com\/wp-content\/uploads\/2025\/04\/Sem-titulo-17-de-abril-de-2024-13.12-1200x838.jpg\" alt class=\"img-responsive wp-image-21518\" srcset=\"https:\/\/www.martinaarch.com\/wp-content\/uploads\/2025\/04\/Sem-titulo-17-de-abril-de-2024-13.12-200x140.jpg 200w, https:\/\/www.martinaarch.com\/wp-content\/uploads\/2025\/04\/Sem-titulo-17-de-abril-de-2024-13.12-400x279.jpg 400w, https:\/\/www.martinaarch.com\/wp-content\/uploads\/2025\/04\/Sem-titulo-17-de-abril-de-2024-13.12-600x419.jpg 600w, https:\/\/www.martinaarch.com\/wp-content\/uploads\/2025\/04\/Sem-titulo-17-de-abril-de-2024-13.12-800x559.jpg 800w, https:\/\/www.martinaarch.com\/wp-content\/uploads\/2025\/04\/Sem-titulo-17-de-abril-de-2024-13.12-1200x838.jpg 1200w\" sizes=\"(max-width: 900px) 100vw, 800px\" \/><\/a><\/span><\/div><div class=\"fusion-clearfix\"><\/div><\/div><\/div><\/div><\/div><div class=\"fusion-fullwidth fullwidth-box fusion-builder-row-3 nonhundred-percent-fullwidth non-hundred-percent-height-scrolling\" style=\"--awb-border-radius-top-left:0px;--awb-border-radius-top-right:0px;--awb-border-radius-bottom-right:0px;--awb-border-radius-bottom-left:0px;--awb-padding-top:0%;--awb-padding-bottom:0px;--awb-margin-top:30px;--awb-flex-wrap:wrap;\" ><div class=\"fusion-builder-row fusion-row\"><div class=\"fusion-layout-column fusion_builder_column fusion-builder-column-4 fusion_builder_column_1_2 1_2 fusion-one-half fusion-column-first\" style=\"--awb-bg-size:cover;width:50%;width:calc(50% - ( ( 4% ) * 0.5 ) );margin-right: 4%;\"><div class=\"fusion-column-wrapper fusion-column-has-shadow fusion-flex-column-wrapper-legacy\"><div class=\"fusion-image-carousel fusion-image-carousel-auto fusion-image-carousel-1\"><div class=\"awb-carousel awb-swiper awb-swiper-carousel awb-carousel--carousel awb-swiper-dots-position-bottom\" data-layout=\"carousel\" data-autoplay=\"yes\" data-autoplayspeed=\"2500\" data-autoplaypause=\"no\" data-columns=\"1\" data-columnsmedium=\"1\" data-columnssmall=\"1\" data-itemmargin=\"13\" data-itemwidth=\"180\" data-touchscroll=\"drag\" data-freemode=\"no\" data-imagesize=\"auto\" data-scrollitems=\"0\" data-centeredslides=\"no\" data-rotationangle=\"50\" data-depth=\"100\" data-speed=\"500\" data-shadow=\"no\" data-pagination=\"bullets\" style=\"--awb-columns:1;\"><div class=\"swiper-wrapper awb-image-carousel-wrapper fusion-flex-align-items-center\"><div class=\"swiper-slide\"><div class=\"fusion-carousel-item-wrapper\"><div class=\"fusion-image-wrapper hover-type-none\"><img decoding=\"async\" width=\"1500\" height=\"1061\" src=\"https:\/\/www.martinaarch.com\/wp-content\/uploads\/2024\/07\/01-5.jpg\" class=\"attachment-full size-full\" alt=\"\" srcset=\"https:\/\/www.martinaarch.com\/wp-content\/uploads\/2024\/07\/01-5-200x141.jpg 200w, https:\/\/www.martinaarch.com\/wp-content\/uploads\/2024\/07\/01-5-300x212.jpg 300w, https:\/\/www.martinaarch.com\/wp-content\/uploads\/2024\/07\/01-5-400x283.jpg 400w, https:\/\/www.martinaarch.com\/wp-content\/uploads\/2024\/07\/01-5-600x424.jpg 600w, https:\/\/www.martinaarch.com\/wp-content\/uploads\/2024\/07\/01-5-768x543.jpg 768w, https:\/\/www.martinaarch.com\/wp-content\/uploads\/2024\/07\/01-5-800x566.jpg 800w, https:\/\/www.martinaarch.com\/wp-content\/uploads\/2024\/07\/01-5-1024x724.jpg 1024w, https:\/\/www.martinaarch.com\/wp-content\/uploads\/2024\/07\/01-5-1200x849.jpg 1200w, https:\/\/www.martinaarch.com\/wp-content\/uploads\/2024\/07\/01-5.jpg 1500w\" sizes=\"(max-width: 1500px) 100vw, 1500px\" \/><\/div><\/div><\/div><div class=\"swiper-slide\"><div class=\"fusion-carousel-item-wrapper\"><div class=\"fusion-image-wrapper hover-type-none\"><img decoding=\"async\" width=\"1500\" height=\"1061\" src=\"https:\/\/www.martinaarch.com\/wp-content\/uploads\/2024\/07\/02-3.jpg\" class=\"attachment-full size-full\" alt=\"\" srcset=\"https:\/\/www.martinaarch.com\/wp-content\/uploads\/2024\/07\/02-3-200x141.jpg 200w, https:\/\/www.martinaarch.com\/wp-content\/uploads\/2024\/07\/02-3-300x212.jpg 300w, https:\/\/www.martinaarch.com\/wp-content\/uploads\/2024\/07\/02-3-400x283.jpg 400w, https:\/\/www.martinaarch.com\/wp-content\/uploads\/2024\/07\/02-3-600x424.jpg 600w, https:\/\/www.martinaarch.com\/wp-content\/uploads\/2024\/07\/02-3-768x543.jpg 768w, https:\/\/www.martinaarch.com\/wp-content\/uploads\/2024\/07\/02-3-800x566.jpg 800w, https:\/\/www.martinaarch.com\/wp-content\/uploads\/2024\/07\/02-3-1024x724.jpg 1024w, https:\/\/www.martinaarch.com\/wp-content\/uploads\/2024\/07\/02-3-1200x849.jpg 1200w, https:\/\/www.martinaarch.com\/wp-content\/uploads\/2024\/07\/02-3.jpg 1500w\" sizes=\"(max-width: 1500px) 100vw, 1500px\" \/><\/div><\/div><\/div><\/div><div class=\"awb-swiper-button awb-swiper-button-prev\"><i class=\"awb-icon-angle-left\" aria-hidden=\"true\"><\/i><\/div><div class=\"awb-swiper-button awb-swiper-button-next\"><i class=\"awb-icon-angle-right\" aria-hidden=\"true\"><\/i><\/div><\/div><\/div><div class=\"fusion-clearfix\"><\/div><\/div><\/div><div class=\"fusion-layout-column fusion_builder_column fusion-builder-column-5 fusion_builder_column_1_2 1_2 fusion-one-half fusion-column-last\" style=\"--awb-bg-size:cover;--awb-margin-bottom:0px;width:50%;width:calc(50% - ( ( 4% ) * 0.5 ) );\"><div class=\"fusion-column-wrapper fusion-column-has-shadow fusion-flex-column-wrapper-legacy\"><div class=\"fusion-builder-row fusion-builder-row-inner fusion-row\"><div class=\"fusion-layout-column fusion_builder_column_inner fusion-builder-nested-column-2 fusion_builder_column_inner_1_1 1_1 fusion-one-full fusion-column-first fusion-column-last\" style=\"--awb-bg-size:cover;--awb-margin-top:0px;--awb-margin-bottom:0px;\"><div class=\"fusion-column-wrapper fusion-column-has-shadow fusion-flex-column-wrapper-legacy\"><div class=\"fusion-text fusion-text-3\" style=\"--awb-text-transform:none;\"><h6 class=\"\" data-fontsize=\"12\" data-lineheight=\"20.64px\">Vivir en el extranjero<\/h6>\n<div class=\"fusion-builder-row fusion-builder-row-inner fusion-row\">\n<div class=\"fusion-layout-column fusion_builder_column_inner fusion-builder-nested-column-2 fusion_builder_column_inner_1_1 1_1 fusion-one-full fusion-column-first fusion-column-last\">\n<div class=\"fusion-column-wrapper fusion-flex-column-wrapper-legacy\">\n<div class=\"fusion-text fusion-text-3\">\n<h3 class=\"content-box-heading fusion-responsive-typography-calculated\" data-fontsize=\"28\" data-lineheight=\"36.96px\">Una nueva entrada nacida del vac\u00edo<\/h3>\n<\/div>\n<\/div>\n<\/div>\n<\/div>\n<\/div><div class=\"fusion-clearfix\"><\/div><\/div><\/div><\/div><div class=\"fusion-builder-row fusion-builder-row-inner fusion-row\"><div class=\"fusion-layout-column fusion_builder_column_inner fusion-builder-nested-column-3 fusion_builder_column_inner_1_1 1_1 fusion-one-full fusion-column-first fusion-column-last\" style=\"--awb-bg-size:cover;--awb-margin-top:0px;--awb-margin-bottom:0px;\"><div class=\"fusion-column-wrapper fusion-column-has-shadow fusion-flex-column-wrapper-legacy\"><div class=\"fusion-text fusion-text-4\" style=\"--awb-text-transform:none;\"><div id=\"comment-6XhCVgx2V4P3fJcp\" class=\"note_text has_avatar\">\n<div class=\"_37468e52 _6abbd828 fb8d74bb\">\n<div class=\"note_content\">\n<p>En lugar de ocupar totalmente la parcela, la propuesta opta por conservar el vac\u00edo y utilizarlo como punto de articulaci\u00f3n. Se ha eliminado la escalera interior original, y en su lugar hay una escalera met\u00e1lica blanca, ligera y minimalista, concebida como una pieza funcional y escult\u00f3rica que flota entre los dos vol\u00famenes. <\/p>\n<p>Esta escalera, con su expresi\u00f3n sobria pero rigurosa, establece un nuevo orden vertical. Su ligereza estructural y su refinado dise\u00f1o le confieren protagonismo en el espacio exterior, al tiempo que favorecen la ventilaci\u00f3n y la iluminaci\u00f3n natural de todas las plantas. <\/p>\n<\/div>\n<\/div>\n<\/div>\n<\/div><div class=\"fusion-clearfix\"><\/div><\/div><\/div><\/div><div class=\"fusion-clearfix\"><\/div><\/div><\/div><\/div><\/div><div class=\"fusion-fullwidth fullwidth-box fusion-builder-row-4 nonhundred-percent-fullwidth non-hundred-percent-height-scrolling fusion-no-small-visibility\" style=\"--awb-border-radius-top-left:0px;--awb-border-radius-top-right:0px;--awb-border-radius-bottom-right:0px;--awb-border-radius-bottom-left:0px;--awb-padding-top:0%;--awb-padding-bottom:0px;--awb-margin-top:0px;--awb-flex-wrap:wrap;\" ><div class=\"fusion-builder-row fusion-row\"><div class=\"fusion-layout-column fusion_builder_column fusion-builder-column-6 fusion_builder_column_1_2 1_2 fusion-one-half fusion-column-first\" style=\"--awb-bg-size:cover;--awb-margin-top:0px;--awb-margin-bottom:0px;width:50%;width:calc(50% - ( ( 4% ) * 0.5 ) );margin-right: 4%;\"><div class=\"fusion-column-wrapper fusion-column-has-shadow fusion-flex-column-wrapper-legacy\"><div class=\"fusion-builder-row fusion-builder-row-inner fusion-row\"><div class=\"fusion-layout-column fusion_builder_column_inner fusion-builder-nested-column-4 fusion_builder_column_inner_1_1 1_1 fusion-one-full fusion-column-first fusion-column-last\" style=\"--awb-bg-size:cover;--awb-margin-top:0px;--awb-margin-bottom:47px;\"><div class=\"fusion-column-wrapper fusion-column-has-shadow fusion-flex-column-wrapper-legacy\"><div class=\"fusion-text fusion-text-5\" style=\"--awb-text-transform:none;\"><h6 class=\"fusion-responsive-typography-calculated\" style=\"--fontsize: 12; line-height: 1.72; --minfontsize: 12;\" data-start=\"136\" data-end=\"181\" data-fontsize=\"12\" data-lineheight=\"20.64px\">Arquitectura que habita el vac\u00edo<\/h6>\n<h3 class=\"\" style=\"--fontsize: 28; line-height: 1.32;\" data-fontsize=\"28\" data-lineheight=\"36.96px\">L\u00edmites entre lo privado y lo social<\/h3>\n<\/div><div class=\"fusion-clearfix\"><\/div><\/div><\/div><\/div><div class=\"fusion-builder-row fusion-builder-row-inner fusion-row\"><div class=\"fusion-layout-column fusion_builder_column_inner fusion-builder-nested-column-5 fusion_builder_column_inner_1_1 1_1 fusion-one-full fusion-column-first fusion-column-last\" style=\"--awb-bg-size:cover;--awb-margin-top:0px;--awb-margin-bottom:20px;\"><div class=\"fusion-column-wrapper fusion-column-has-shadow fusion-flex-column-wrapper-legacy\"><div class=\"fusion-text fusion-text-6\" style=\"--awb-text-transform:none;\"><div id=\"comment-6XhCVj7P57vrrxxG\" class=\"note_text has_avatar\">\n<div class=\"_37468e52 _6abbd828 fb8d74bb\">\n<div class=\"note_content\">\n<p>La escalera no es s\u00f3lo un elemento de circulaci\u00f3n, sino tambi\u00e9n un espacio de transici\u00f3n, donde el interior de la casa se abre a peque\u00f1os patios privados, ampliando la vida dom\u00e9stica y creando momentos de contacto con la ciudad.<\/p>\n<p>A trav\u00e9s de estos espacios de transici\u00f3n, el vac\u00edo adquiere significado arquitect\u00f3nico: m\u00e1s que ausencia, se convierte en presencia y experiencia.<\/p>\n<\/div>\n<\/div>\n<\/div>\n<\/div><div class=\"fusion-clearfix\"><\/div><\/div><\/div><\/div><div class=\"fusion-clearfix\"><\/div><\/div><\/div><div class=\"fusion-layout-column fusion_builder_column fusion-builder-column-7 fusion_builder_column_1_2 1_2 fusion-one-half fusion-column-last\" style=\"--awb-bg-size:cover;width:50%;width:calc(50% - ( ( 4% ) * 0.5 ) );\"><div class=\"fusion-column-wrapper fusion-column-has-shadow fusion-flex-column-wrapper-legacy\"><div class=\"fusion-image-carousel fusion-image-carousel-auto fusion-image-carousel-2\"><div class=\"awb-carousel awb-swiper awb-swiper-carousel awb-carousel--carousel awb-swiper-dots-position-bottom\" data-layout=\"carousel\" data-autoplay=\"yes\" data-autoplayspeed=\"2500\" data-autoplaypause=\"no\" data-columns=\"1\" data-columnsmedium=\"1\" data-columnssmall=\"1\" data-itemmargin=\"13\" data-itemwidth=\"180\" data-touchscroll=\"drag\" data-freemode=\"no\" data-imagesize=\"auto\" data-scrollitems=\"0\" data-centeredslides=\"no\" data-rotationangle=\"50\" data-depth=\"100\" data-speed=\"500\" data-shadow=\"no\" data-pagination=\"bullets\" style=\"--awb-columns:1;\"><div class=\"swiper-wrapper awb-image-carousel-wrapper fusion-flex-align-items-center\"><div class=\"swiper-slide\"><div class=\"fusion-carousel-item-wrapper\"><div class=\"fusion-image-wrapper hover-type-none\"><img decoding=\"async\" width=\"1500\" height=\"1061\" src=\"https:\/\/www.martinaarch.com\/wp-content\/uploads\/2025\/04\/04-1-1.jpg\" class=\"attachment-full size-full\" alt=\"\" srcset=\"https:\/\/www.martinaarch.com\/wp-content\/uploads\/2025\/04\/04-1-1-200x141.jpg 200w, https:\/\/www.martinaarch.com\/wp-content\/uploads\/2025\/04\/04-1-1-300x212.jpg 300w, https:\/\/www.martinaarch.com\/wp-content\/uploads\/2025\/04\/04-1-1-400x283.jpg 400w, https:\/\/www.martinaarch.com\/wp-content\/uploads\/2025\/04\/04-1-1-600x424.jpg 600w, https:\/\/www.martinaarch.com\/wp-content\/uploads\/2025\/04\/04-1-1-768x543.jpg 768w, https:\/\/www.martinaarch.com\/wp-content\/uploads\/2025\/04\/04-1-1-800x566.jpg 800w, https:\/\/www.martinaarch.com\/wp-content\/uploads\/2025\/04\/04-1-1-1024x724.jpg 1024w, https:\/\/www.martinaarch.com\/wp-content\/uploads\/2025\/04\/04-1-1-1200x849.jpg 1200w, https:\/\/www.martinaarch.com\/wp-content\/uploads\/2025\/04\/04-1-1.jpg 1500w\" sizes=\"(max-width: 1500px) 100vw, 1500px\" \/><\/div><\/div><\/div><div class=\"swiper-slide\"><div class=\"fusion-carousel-item-wrapper\"><div class=\"fusion-image-wrapper hover-type-none\"><img decoding=\"async\" width=\"1500\" height=\"1061\" src=\"https:\/\/www.martinaarch.com\/wp-content\/uploads\/2025\/04\/03_edt.png\" class=\"attachment-full size-full\" alt=\"\" srcset=\"https:\/\/www.martinaarch.com\/wp-content\/uploads\/2025\/04\/03_edt-200x141.png 200w, https:\/\/www.martinaarch.com\/wp-content\/uploads\/2025\/04\/03_edt-300x212.png 300w, https:\/\/www.martinaarch.com\/wp-content\/uploads\/2025\/04\/03_edt-400x283.png 400w, https:\/\/www.martinaarch.com\/wp-content\/uploads\/2025\/04\/03_edt-600x424.png 600w, https:\/\/www.martinaarch.com\/wp-content\/uploads\/2025\/04\/03_edt-768x543.png 768w, https:\/\/www.martinaarch.com\/wp-content\/uploads\/2025\/04\/03_edt-800x566.png 800w, https:\/\/www.martinaarch.com\/wp-content\/uploads\/2025\/04\/03_edt-1024x724.png 1024w, https:\/\/www.martinaarch.com\/wp-content\/uploads\/2025\/04\/03_edt-1200x849.png 1200w, https:\/\/www.martinaarch.com\/wp-content\/uploads\/2025\/04\/03_edt.png 1500w\" sizes=\"(max-width: 1500px) 100vw, 1500px\" \/><\/div><\/div><\/div><div class=\"swiper-slide\"><div class=\"fusion-carousel-item-wrapper\"><div class=\"fusion-image-wrapper hover-type-none\"><img decoding=\"async\" width=\"1500\" height=\"1061\" src=\"https:\/\/www.martinaarch.com\/wp-content\/uploads\/2025\/04\/03-1-1.jpg\" class=\"attachment-full size-full\" alt=\"\" srcset=\"https:\/\/www.martinaarch.com\/wp-content\/uploads\/2025\/04\/03-1-1-200x141.jpg 200w, https:\/\/www.martinaarch.com\/wp-content\/uploads\/2025\/04\/03-1-1-300x212.jpg 300w, https:\/\/www.martinaarch.com\/wp-content\/uploads\/2025\/04\/03-1-1-400x283.jpg 400w, https:\/\/www.martinaarch.com\/wp-content\/uploads\/2025\/04\/03-1-1-600x424.jpg 600w, https:\/\/www.martinaarch.com\/wp-content\/uploads\/2025\/04\/03-1-1-768x543.jpg 768w, https:\/\/www.martinaarch.com\/wp-content\/uploads\/2025\/04\/03-1-1-800x566.jpg 800w, https:\/\/www.martinaarch.com\/wp-content\/uploads\/2025\/04\/03-1-1-1024x724.jpg 1024w, https:\/\/www.martinaarch.com\/wp-content\/uploads\/2025\/04\/03-1-1-1200x849.jpg 1200w, https:\/\/www.martinaarch.com\/wp-content\/uploads\/2025\/04\/03-1-1.jpg 1500w\" sizes=\"(max-width: 1500px) 100vw, 1500px\" \/><\/div><\/div><\/div><\/div><div class=\"awb-swiper-button awb-swiper-button-prev\"><i class=\"awb-icon-angle-left\" aria-hidden=\"true\"><\/i><\/div><div class=\"awb-swiper-button awb-swiper-button-next\"><i class=\"awb-icon-angle-right\" aria-hidden=\"true\"><\/i><\/div><\/div><\/div><div class=\"fusion-clearfix\"><\/div><\/div><\/div><\/div><\/div><div class=\"fusion-fullwidth fullwidth-box fusion-builder-row-5 nonhundred-percent-fullwidth non-hundred-percent-height-scrolling fusion-no-medium-visibility fusion-no-large-visibility\" style=\"--awb-border-radius-top-left:0px;--awb-border-radius-top-right:0px;--awb-border-radius-bottom-right:0px;--awb-border-radius-bottom-left:0px;--awb-padding-top:0%;--awb-padding-bottom:0px;--awb-margin-top:0px;--awb-flex-wrap:wrap;\" ><div class=\"fusion-builder-row fusion-row\"><div class=\"fusion-layout-column fusion_builder_column fusion-builder-column-8 fusion_builder_column_1_2 1_2 fusion-one-half fusion-column-first\" style=\"--awb-bg-size:cover;width:50%;width:calc(50% - ( ( 4% ) * 0.5 ) );margin-right: 4%;\"><div class=\"fusion-column-wrapper fusion-column-has-shadow fusion-flex-column-wrapper-legacy\"><div class=\"fusion-image-carousel fusion-image-carousel-auto fusion-image-carousel-3\"><div class=\"awb-carousel awb-swiper awb-swiper-carousel awb-carousel--carousel awb-swiper-dots-position-bottom\" data-layout=\"carousel\" data-autoplay=\"yes\" data-autoplayspeed=\"2500\" data-autoplaypause=\"no\" data-columns=\"1\" data-columnsmedium=\"1\" data-columnssmall=\"1\" data-itemmargin=\"13\" data-itemwidth=\"180\" data-touchscroll=\"drag\" data-freemode=\"no\" data-imagesize=\"auto\" data-scrollitems=\"0\" data-centeredslides=\"no\" data-rotationangle=\"50\" data-depth=\"100\" data-speed=\"500\" data-shadow=\"no\" data-pagination=\"bullets\" style=\"--awb-columns:1;\"><div class=\"swiper-wrapper awb-image-carousel-wrapper fusion-flex-align-items-center\"><div class=\"swiper-slide\"><div class=\"fusion-carousel-item-wrapper\"><div class=\"fusion-image-wrapper hover-type-none\"><img decoding=\"async\" width=\"1500\" height=\"1061\" src=\"https:\/\/www.martinaarch.com\/wp-content\/uploads\/2025\/04\/03-1-1.jpg\" class=\"attachment-full size-full\" alt=\"\" srcset=\"https:\/\/www.martinaarch.com\/wp-content\/uploads\/2025\/04\/03-1-1-200x141.jpg 200w, https:\/\/www.martinaarch.com\/wp-content\/uploads\/2025\/04\/03-1-1-300x212.jpg 300w, https:\/\/www.martinaarch.com\/wp-content\/uploads\/2025\/04\/03-1-1-400x283.jpg 400w, https:\/\/www.martinaarch.com\/wp-content\/uploads\/2025\/04\/03-1-1-600x424.jpg 600w, https:\/\/www.martinaarch.com\/wp-content\/uploads\/2025\/04\/03-1-1-768x543.jpg 768w, https:\/\/www.martinaarch.com\/wp-content\/uploads\/2025\/04\/03-1-1-800x566.jpg 800w, https:\/\/www.martinaarch.com\/wp-content\/uploads\/2025\/04\/03-1-1-1024x724.jpg 1024w, https:\/\/www.martinaarch.com\/wp-content\/uploads\/2025\/04\/03-1-1-1200x849.jpg 1200w, https:\/\/www.martinaarch.com\/wp-content\/uploads\/2025\/04\/03-1-1.jpg 1500w\" sizes=\"(max-width: 1500px) 100vw, 1500px\" \/><\/div><\/div><\/div><div class=\"swiper-slide\"><div class=\"fusion-carousel-item-wrapper\"><div class=\"fusion-image-wrapper hover-type-none\"><img decoding=\"async\" width=\"1500\" height=\"1061\" src=\"https:\/\/www.martinaarch.com\/wp-content\/uploads\/2025\/04\/03_edt.png\" class=\"attachment-full size-full\" alt=\"\" srcset=\"https:\/\/www.martinaarch.com\/wp-content\/uploads\/2025\/04\/03_edt-200x141.png 200w, https:\/\/www.martinaarch.com\/wp-content\/uploads\/2025\/04\/03_edt-300x212.png 300w, https:\/\/www.martinaarch.com\/wp-content\/uploads\/2025\/04\/03_edt-400x283.png 400w, https:\/\/www.martinaarch.com\/wp-content\/uploads\/2025\/04\/03_edt-600x424.png 600w, https:\/\/www.martinaarch.com\/wp-content\/uploads\/2025\/04\/03_edt-768x543.png 768w, https:\/\/www.martinaarch.com\/wp-content\/uploads\/2025\/04\/03_edt-800x566.png 800w, https:\/\/www.martinaarch.com\/wp-content\/uploads\/2025\/04\/03_edt-1024x724.png 1024w, https:\/\/www.martinaarch.com\/wp-content\/uploads\/2025\/04\/03_edt-1200x849.png 1200w, https:\/\/www.martinaarch.com\/wp-content\/uploads\/2025\/04\/03_edt.png 1500w\" sizes=\"(max-width: 1500px) 100vw, 1500px\" \/><\/div><\/div><\/div><div class=\"swiper-slide\"><div class=\"fusion-carousel-item-wrapper\"><div class=\"fusion-image-wrapper hover-type-none\"><img decoding=\"async\" width=\"1500\" height=\"1061\" src=\"https:\/\/www.martinaarch.com\/wp-content\/uploads\/2025\/04\/04-1-1.jpg\" class=\"attachment-full size-full\" alt=\"\" srcset=\"https:\/\/www.martinaarch.com\/wp-content\/uploads\/2025\/04\/04-1-1-200x141.jpg 200w, https:\/\/www.martinaarch.com\/wp-content\/uploads\/2025\/04\/04-1-1-300x212.jpg 300w, https:\/\/www.martinaarch.com\/wp-content\/uploads\/2025\/04\/04-1-1-400x283.jpg 400w, https:\/\/www.martinaarch.com\/wp-content\/uploads\/2025\/04\/04-1-1-600x424.jpg 600w, https:\/\/www.martinaarch.com\/wp-content\/uploads\/2025\/04\/04-1-1-768x543.jpg 768w, https:\/\/www.martinaarch.com\/wp-content\/uploads\/2025\/04\/04-1-1-800x566.jpg 800w, https:\/\/www.martinaarch.com\/wp-content\/uploads\/2025\/04\/04-1-1-1024x724.jpg 1024w, https:\/\/www.martinaarch.com\/wp-content\/uploads\/2025\/04\/04-1-1-1200x849.jpg 1200w, https:\/\/www.martinaarch.com\/wp-content\/uploads\/2025\/04\/04-1-1.jpg 1500w\" sizes=\"(max-width: 1500px) 100vw, 1500px\" \/><\/div><\/div><\/div><\/div><div class=\"awb-swiper-button awb-swiper-button-prev\"><i class=\"awb-icon-angle-left\" aria-hidden=\"true\"><\/i><\/div><div class=\"awb-swiper-button awb-swiper-button-next\"><i class=\"awb-icon-angle-right\" aria-hidden=\"true\"><\/i><\/div><\/div><\/div><div class=\"fusion-clearfix\"><\/div><\/div><\/div><div class=\"fusion-layout-column fusion_builder_column fusion-builder-column-9 fusion_builder_column_1_2 1_2 fusion-one-half fusion-column-last\" style=\"--awb-bg-size:cover;--awb-margin-top:0px;--awb-margin-bottom:0px;width:50%;width:calc(50% - ( ( 4% ) * 0.5 ) );\"><div class=\"fusion-column-wrapper fusion-column-has-shadow fusion-flex-column-wrapper-legacy\"><div class=\"fusion-builder-row fusion-builder-row-inner fusion-row\"><div class=\"fusion-layout-column fusion_builder_column_inner fusion-builder-nested-column-6 fusion_builder_column_inner_1_1 1_1 fusion-one-full fusion-column-first fusion-column-last\" style=\"--awb-bg-size:cover;--awb-margin-top:0px;--awb-margin-bottom:47px;\"><div class=\"fusion-column-wrapper fusion-column-has-shadow fusion-flex-column-wrapper-legacy\"><div class=\"fusion-text fusion-text-7\" style=\"--awb-text-transform:none;\"><h6 data-start=\"136\" data-end=\"181\">Arquitectura que habita el vac\u00edo<\/h6>\n<h3 class=\"fusion-responsive-typography-calculated\" style=\"--fontsize: 28; line-height: 1.32;\" data-fontsize=\"28\" data-lineheight=\"36.96px\">Fronteras porosas entre lo privado y lo com\u00fan<\/h3>\n<\/div><div class=\"fusion-clearfix\"><\/div><\/div><\/div><\/div><div class=\"fusion-builder-row fusion-builder-row-inner fusion-row\"><div class=\"fusion-layout-column fusion_builder_column_inner fusion-builder-nested-column-7 fusion_builder_column_inner_1_1 1_1 fusion-one-full fusion-column-first fusion-column-last\" style=\"--awb-bg-size:cover;--awb-margin-top:0px;--awb-margin-bottom:20px;\"><div class=\"fusion-column-wrapper fusion-column-has-shadow fusion-flex-column-wrapper-legacy\"><div class=\"fusion-text fusion-text-8\" style=\"--awb-text-transform:none;\"><div id=\"comment-6XhCVj7P57vrrxxG\" class=\"note_text has_avatar\">\n<div class=\"_37468e52 _6abbd828 fb8d74bb\">\n<div class=\"note_content\">\n<p>La escalera no es s\u00f3lo un elemento de circulaci\u00f3n, sino tambi\u00e9n un espacio de transici\u00f3n, en el que el interior de la casa se abre a peque\u00f1os patios privados o zonas exteriores protegidas, ampliando la vida dom\u00e9stica y creando momentos de contacto con la ciudad y el cielo.<\/p>\n<p>A trav\u00e9s de estos espacios de transici\u00f3n, el vac\u00edo se asume como materia <a href=\"https:\/\/www.martinaarch.com\/es\/portfolio_tags\/rehabilitacion\/\" target=\"_blank\" rel=\"noopener\">arquitect\u00f3nica<\/a>: m\u00e1s que ausencia, se convierte en presencia y experiencia.<\/p>\n<\/div>\n<\/div>\n<\/div>\n<\/div><div class=\"fusion-clearfix\"><\/div><\/div><\/div><\/div><div class=\"fusion-clearfix\"><\/div><\/div><\/div><\/div><\/div><div class=\"fusion-fullwidth fullwidth-box fusion-builder-row-6 nonhundred-percent-fullwidth non-hundred-percent-height-scrolling\" style=\"--awb-border-radius-top-left:0px;--awb-border-radius-top-right:0px;--awb-border-radius-bottom-right:0px;--awb-border-radius-bottom-left:0px;--awb-padding-top:0%;--awb-padding-bottom:0px;--awb-margin-top:0px;--awb-flex-wrap:wrap;\" ><div class=\"fusion-builder-row fusion-row\"><div class=\"fusion-layout-column fusion_builder_column fusion-builder-column-10 fusion_builder_column_1_2 1_2 fusion-one-half fusion-column-first\" style=\"--awb-bg-size:cover;width:50%;width:calc(50% - ( ( 4% ) * 0.5 ) );margin-right: 4%;\"><div class=\"fusion-column-wrapper fusion-column-has-shadow fusion-flex-column-wrapper-legacy\"><div class=\"fusion-image-carousel fusion-image-carousel-auto fusion-image-carousel-4\"><div class=\"awb-carousel awb-swiper awb-swiper-carousel awb-carousel--carousel awb-swiper-dots-position-bottom\" data-layout=\"carousel\" data-autoplay=\"yes\" data-autoplayspeed=\"2500\" data-autoplaypause=\"no\" data-columns=\"1\" data-columnsmedium=\"1\" data-columnssmall=\"1\" data-itemmargin=\"13\" data-itemwidth=\"180\" data-touchscroll=\"drag\" data-freemode=\"no\" data-imagesize=\"auto\" data-scrollitems=\"0\" data-centeredslides=\"no\" data-rotationangle=\"50\" data-depth=\"100\" data-speed=\"500\" data-shadow=\"no\" data-pagination=\"bullets\" style=\"--awb-columns:1;\"><div class=\"swiper-wrapper awb-image-carousel-wrapper fusion-flex-align-items-center\"><div class=\"swiper-slide\"><div class=\"fusion-carousel-item-wrapper\"><div class=\"fusion-image-wrapper hover-type-none\"><img decoding=\"async\" width=\"1500\" height=\"1061\" src=\"https:\/\/www.martinaarch.com\/wp-content\/uploads\/2025\/04\/08.png\" class=\"attachment-full size-full\" alt=\"\" srcset=\"https:\/\/www.martinaarch.com\/wp-content\/uploads\/2025\/04\/08-200x141.png 200w, https:\/\/www.martinaarch.com\/wp-content\/uploads\/2025\/04\/08-300x212.png 300w, https:\/\/www.martinaarch.com\/wp-content\/uploads\/2025\/04\/08-400x283.png 400w, https:\/\/www.martinaarch.com\/wp-content\/uploads\/2025\/04\/08-600x424.png 600w, https:\/\/www.martinaarch.com\/wp-content\/uploads\/2025\/04\/08-768x543.png 768w, https:\/\/www.martinaarch.com\/wp-content\/uploads\/2025\/04\/08-800x566.png 800w, https:\/\/www.martinaarch.com\/wp-content\/uploads\/2025\/04\/08-1024x724.png 1024w, https:\/\/www.martinaarch.com\/wp-content\/uploads\/2025\/04\/08-1200x849.png 1200w, https:\/\/www.martinaarch.com\/wp-content\/uploads\/2025\/04\/08.png 1500w\" sizes=\"(max-width: 1500px) 100vw, 1500px\" \/><\/div><\/div><\/div><div class=\"swiper-slide\"><div class=\"fusion-carousel-item-wrapper\"><div class=\"fusion-image-wrapper hover-type-none\"><img decoding=\"async\" width=\"2000\" height=\"1414\" src=\"https:\/\/www.martinaarch.com\/wp-content\/uploads\/2025\/04\/05-1.jpg\" class=\"attachment-full size-full\" alt=\"\" srcset=\"https:\/\/www.martinaarch.com\/wp-content\/uploads\/2025\/04\/05-1-200x141.jpg 200w, https:\/\/www.martinaarch.com\/wp-content\/uploads\/2025\/04\/05-1-300x212.jpg 300w, https:\/\/www.martinaarch.com\/wp-content\/uploads\/2025\/04\/05-1-400x283.jpg 400w, https:\/\/www.martinaarch.com\/wp-content\/uploads\/2025\/04\/05-1-600x424.jpg 600w, https:\/\/www.martinaarch.com\/wp-content\/uploads\/2025\/04\/05-1-768x543.jpg 768w, https:\/\/www.martinaarch.com\/wp-content\/uploads\/2025\/04\/05-1-800x566.jpg 800w, https:\/\/www.martinaarch.com\/wp-content\/uploads\/2025\/04\/05-1-1024x724.jpg 1024w, https:\/\/www.martinaarch.com\/wp-content\/uploads\/2025\/04\/05-1-1200x848.jpg 1200w, https:\/\/www.martinaarch.com\/wp-content\/uploads\/2025\/04\/05-1-1536x1086.jpg 1536w, https:\/\/www.martinaarch.com\/wp-content\/uploads\/2025\/04\/05-1.jpg 2000w\" sizes=\"(max-width: 2000px) 100vw, 2000px\" \/><\/div><\/div><\/div><div class=\"swiper-slide\"><div class=\"fusion-carousel-item-wrapper\"><div class=\"fusion-image-wrapper hover-type-none\"><img decoding=\"async\" width=\"1500\" height=\"1061\" src=\"https:\/\/www.martinaarch.com\/wp-content\/uploads\/2025\/04\/06-1.jpg\" class=\"attachment-full size-full\" alt=\"\" srcset=\"https:\/\/www.martinaarch.com\/wp-content\/uploads\/2025\/04\/06-1-200x141.jpg 200w, https:\/\/www.martinaarch.com\/wp-content\/uploads\/2025\/04\/06-1-300x212.jpg 300w, https:\/\/www.martinaarch.com\/wp-content\/uploads\/2025\/04\/06-1-400x283.jpg 400w, https:\/\/www.martinaarch.com\/wp-content\/uploads\/2025\/04\/06-1-600x424.jpg 600w, https:\/\/www.martinaarch.com\/wp-content\/uploads\/2025\/04\/06-1-768x543.jpg 768w, https:\/\/www.martinaarch.com\/wp-content\/uploads\/2025\/04\/06-1-800x566.jpg 800w, https:\/\/www.martinaarch.com\/wp-content\/uploads\/2025\/04\/06-1-1024x724.jpg 1024w, https:\/\/www.martinaarch.com\/wp-content\/uploads\/2025\/04\/06-1-1200x849.jpg 1200w, https:\/\/www.martinaarch.com\/wp-content\/uploads\/2025\/04\/06-1.jpg 1500w\" sizes=\"(max-width: 1500px) 100vw, 1500px\" \/><\/div><\/div><\/div><div class=\"swiper-slide\"><div class=\"fusion-carousel-item-wrapper\"><div class=\"fusion-image-wrapper hover-type-none\"><img decoding=\"async\" width=\"1500\" height=\"1061\" src=\"https:\/\/www.martinaarch.com\/wp-content\/uploads\/2025\/04\/07-1.jpg\" class=\"attachment-full size-full\" alt=\"\" srcset=\"https:\/\/www.martinaarch.com\/wp-content\/uploads\/2025\/04\/07-1-200x141.jpg 200w, https:\/\/www.martinaarch.com\/wp-content\/uploads\/2025\/04\/07-1-300x212.jpg 300w, https:\/\/www.martinaarch.com\/wp-content\/uploads\/2025\/04\/07-1-400x283.jpg 400w, https:\/\/www.martinaarch.com\/wp-content\/uploads\/2025\/04\/07-1-600x424.jpg 600w, https:\/\/www.martinaarch.com\/wp-content\/uploads\/2025\/04\/07-1-768x543.jpg 768w, https:\/\/www.martinaarch.com\/wp-content\/uploads\/2025\/04\/07-1-800x566.jpg 800w, https:\/\/www.martinaarch.com\/wp-content\/uploads\/2025\/04\/07-1-1024x724.jpg 1024w, https:\/\/www.martinaarch.com\/wp-content\/uploads\/2025\/04\/07-1-1200x849.jpg 1200w, https:\/\/www.martinaarch.com\/wp-content\/uploads\/2025\/04\/07-1.jpg 1500w\" sizes=\"(max-width: 1500px) 100vw, 1500px\" \/><\/div><\/div><\/div><div class=\"swiper-slide\"><div class=\"fusion-carousel-item-wrapper\"><div class=\"fusion-image-wrapper hover-type-none\"><img decoding=\"async\" width=\"1500\" height=\"1061\" src=\"https:\/\/www.martinaarch.com\/wp-content\/uploads\/2025\/04\/09_edt.jpg\" class=\"attachment-full size-full\" alt=\"\" srcset=\"https:\/\/www.martinaarch.com\/wp-content\/uploads\/2025\/04\/09_edt-200x141.jpg 200w, https:\/\/www.martinaarch.com\/wp-content\/uploads\/2025\/04\/09_edt-300x212.jpg 300w, https:\/\/www.martinaarch.com\/wp-content\/uploads\/2025\/04\/09_edt-400x283.jpg 400w, https:\/\/www.martinaarch.com\/wp-content\/uploads\/2025\/04\/09_edt-600x424.jpg 600w, https:\/\/www.martinaarch.com\/wp-content\/uploads\/2025\/04\/09_edt-768x543.jpg 768w, https:\/\/www.martinaarch.com\/wp-content\/uploads\/2025\/04\/09_edt-800x566.jpg 800w, https:\/\/www.martinaarch.com\/wp-content\/uploads\/2025\/04\/09_edt-1024x724.jpg 1024w, https:\/\/www.martinaarch.com\/wp-content\/uploads\/2025\/04\/09_edt-1200x849.jpg 1200w, https:\/\/www.martinaarch.com\/wp-content\/uploads\/2025\/04\/09_edt.jpg 1500w\" sizes=\"(max-width: 1500px) 100vw, 1500px\" \/><\/div><\/div><\/div><\/div><div class=\"awb-swiper-button awb-swiper-button-prev\"><i class=\"awb-icon-angle-left\" aria-hidden=\"true\"><\/i><\/div><div class=\"awb-swiper-button awb-swiper-button-next\"><i class=\"awb-icon-angle-right\" aria-hidden=\"true\"><\/i><\/div><\/div><\/div><div class=\"fusion-clearfix\"><\/div><\/div><\/div><div class=\"fusion-layout-column fusion_builder_column fusion-builder-column-11 fusion_builder_column_1_2 1_2 fusion-one-half fusion-column-last\" style=\"--awb-bg-size:cover;--awb-margin-bottom:0px;width:50%;width:calc(50% - ( ( 4% ) * 0.5 ) );\"><div class=\"fusion-column-wrapper fusion-column-has-shadow fusion-flex-column-wrapper-legacy\"><div class=\"fusion-builder-row fusion-builder-row-inner fusion-row\"><div class=\"fusion-layout-column fusion_builder_column_inner fusion-builder-nested-column-8 fusion_builder_column_inner_1_1 1_1 fusion-one-full fusion-column-first fusion-column-last\" style=\"--awb-bg-size:cover;--awb-margin-top:0px;--awb-margin-bottom:47px;\"><div class=\"fusion-column-wrapper fusion-column-has-shadow fusion-flex-column-wrapper-legacy\"><div class=\"fusion-text fusion-text-9\" style=\"--awb-text-transform:none;\"><h6 class=\"fusion-responsive-typography-calculated\" style=\"--fontsize: 12; line-height: 1.72; --minfontsize: 12;\" data-start=\"104\" data-end=\"153\" data-fontsize=\"12\" data-lineheight=\"20.64px\">Arquitectura que revela lo esencial<\/h6>\n<h3 class=\"fusion-responsive-typography-calculated\" style=\"--fontsize: 28; line-height: 1.32;\" data-fontsize=\"28\" data-lineheight=\"36.96px\">Interiores adaptados a la vida cotidiana<\/h3>\n<\/div><div class=\"fusion-clearfix\"><\/div><\/div><\/div><\/div><div class=\"fusion-builder-row fusion-builder-row-inner fusion-row\"><div class=\"fusion-layout-column fusion_builder_column_inner fusion-builder-nested-column-9 fusion_builder_column_inner_1_1 1_1 fusion-one-full fusion-column-first fusion-column-last\" style=\"--awb-bg-size:cover;--awb-margin-top:0px;--awb-margin-bottom:20px;\"><div class=\"fusion-column-wrapper fusion-column-has-shadow fusion-flex-column-wrapper-legacy\"><div class=\"fusion-text fusion-text-10\" style=\"--awb-text-transform:none;\"><p>En el interior, la intervenci\u00f3n se basa en un lenguaje depurado. Las viviendas son tipolog\u00edas de un dormitorio, con espacios proporcionados y funcionales, adecuados a las necesidades de la vivienda urbana contempor\u00e1nea. El uso de materiales neutros y acabados discretos permite que la luz natural y la espacialidad sean los principales protagonistas.  <\/p>\n<p>M\u00e1s que un gesto de afirmaci\u00f3n, el edificio se presenta como una intervenci\u00f3n silenciosa que valoriza lo que ya existe y revela el potencial contenido en el espacio que qued\u00f3 sin llenar.<\/p>\n<\/div><div class=\"fusion-clearfix\"><\/div><\/div><\/div><\/div><div class=\"fusion-clearfix\"><\/div><\/div><\/div><\/div><\/div><div class=\"fusion-fullwidth fullwidth-box fusion-builder-row-7 nonhundred-percent-fullwidth non-hundred-percent-height-scrolling\" style=\"--awb-border-radius-top-left:0px;--awb-border-radius-top-right:0px;--awb-border-radius-bottom-right:0px;--awb-border-radius-bottom-left:0px;--awb-margin-top:0px;--awb-margin-bottom:0px;--awb-flex-wrap:wrap;\" ><div class=\"fusion-builder-row fusion-row\"><div class=\"fusion-layout-column fusion_builder_column fusion-builder-column-12 fusion_builder_column_1_1 1_1 fusion-one-full fusion-column-first fusion-column-last\" style=\"--awb-bg-size:cover;--awb-margin-top:0px;--awb-margin-bottom:0px;\"><div class=\"fusion-column-wrapper fusion-column-has-shadow fusion-flex-column-wrapper-legacy\"><div class=\"fusion-builder-row fusion-builder-row-inner fusion-row\"><div class=\"fusion-layout-column fusion_builder_column_inner fusion-builder-nested-column-10 fusion_builder_column_inner_1_1 1_1 fusion-one-full fusion-column-first fusion-column-last\" style=\"--awb-bg-size:cover;--awb-margin-top:0px;--awb-margin-bottom:0px;\"><div class=\"fusion-column-wrapper fusion-column-has-shadow fusion-flex-column-wrapper-legacy\"><div class=\"fusion-title title fusion-title-3 fusion-sep-none fusion-title-text fusion-title-size-three\" style=\"--awb-margin-bottom:36px;--awb-margin-bottom-small:0px;--awb-font-size:38px;\"><h3 class=\"fusion-title-heading title-heading-left fusion-responsive-typography-calculated\" style=\"margin:0;font-size:1em;--fontSize:38;line-height:1.32;\"><h3 style=\"text-align: left;\">Galer\u00eda de proyectos<\/h3><\/h3><\/div><div class=\"fusion-clearfix\"><\/div><\/div><\/div><\/div><div class=\"fusion-image-carousel fusion-image-carousel-auto fusion-image-carousel-5 lightbox-enabled fusion-carousel-border\"><div class=\"awb-carousel awb-swiper awb-swiper-carousel awb-carousel--carousel awb-swiper-dots-position-bottom\" data-layout=\"carousel\" data-autoplay=\"yes\" data-autoplayspeed=\"2500\" data-autoplaypause=\"no\" data-columns=\"1\" data-columnsmedium=\"1\" data-columnssmall=\"1\" data-itemmargin=\"28\" data-itemwidth=\"180\" data-touchscroll=\"drag\" data-freemode=\"no\" data-imagesize=\"auto\" data-scrollitems=\"0\" data-centeredslides=\"no\" data-rotationangle=\"50\" data-depth=\"100\" data-speed=\"500\" data-shadow=\"no\" data-pagination=\"bullets\" style=\"--awb-columns:1;--awb-column-spacing:28px;--awb-border-width:1px;--awb-border-color:#e9eaee;\"><div class=\"swiper-wrapper awb-image-carousel-wrapper fusion-flex-align-items-center\"><div class=\"swiper-slide\"><div class=\"fusion-carousel-item-wrapper\"><div class=\"fusion-image-wrapper hover-type-none\"><img decoding=\"async\" width=\"1536\" height=\"1024\" src=\"https:\/\/www.martinaarch.com\/wp-content\/uploads\/2024\/09\/CAPA.png\" class=\"attachment-full size-full\" alt=\"Reabilita\u00e7\u00e3o de Edificio | S\u00e3o Vitor\" srcset=\"https:\/\/www.martinaarch.com\/wp-content\/uploads\/2024\/09\/CAPA-200x133.png 200w, https:\/\/www.martinaarch.com\/wp-content\/uploads\/2024\/09\/CAPA-300x200.png 300w, https:\/\/www.martinaarch.com\/wp-content\/uploads\/2024\/09\/CAPA-400x267.png 400w, https:\/\/www.martinaarch.com\/wp-content\/uploads\/2024\/09\/CAPA-600x400.png 600w, https:\/\/www.martinaarch.com\/wp-content\/uploads\/2024\/09\/CAPA-768x512.png 768w, https:\/\/www.martinaarch.com\/wp-content\/uploads\/2024\/09\/CAPA-800x533.png 800w, https:\/\/www.martinaarch.com\/wp-content\/uploads\/2024\/09\/CAPA-1024x683.png 1024w, https:\/\/www.martinaarch.com\/wp-content\/uploads\/2024\/09\/CAPA-1200x800.png 1200w, https:\/\/www.martinaarch.com\/wp-content\/uploads\/2024\/09\/CAPA.png 1536w\" sizes=\"(max-width: 1536px) 100vw, 1536px\" \/><\/div><\/div><\/div><div class=\"swiper-slide\"><div class=\"fusion-carousel-item-wrapper\"><div class=\"fusion-image-wrapper hover-type-none\"><img decoding=\"async\" width=\"1500\" height=\"1061\" src=\"https:\/\/www.martinaarch.com\/wp-content\/uploads\/2025\/04\/04-1-1.jpg\" class=\"attachment-full size-full\" alt=\"\" srcset=\"https:\/\/www.martinaarch.com\/wp-content\/uploads\/2025\/04\/04-1-1-200x141.jpg 200w, https:\/\/www.martinaarch.com\/wp-content\/uploads\/2025\/04\/04-1-1-300x212.jpg 300w, https:\/\/www.martinaarch.com\/wp-content\/uploads\/2025\/04\/04-1-1-400x283.jpg 400w, https:\/\/www.martinaarch.com\/wp-content\/uploads\/2025\/04\/04-1-1-600x424.jpg 600w, https:\/\/www.martinaarch.com\/wp-content\/uploads\/2025\/04\/04-1-1-768x543.jpg 768w, https:\/\/www.martinaarch.com\/wp-content\/uploads\/2025\/04\/04-1-1-800x566.jpg 800w, https:\/\/www.martinaarch.com\/wp-content\/uploads\/2025\/04\/04-1-1-1024x724.jpg 1024w, https:\/\/www.martinaarch.com\/wp-content\/uploads\/2025\/04\/04-1-1-1200x849.jpg 1200w, https:\/\/www.martinaarch.com\/wp-content\/uploads\/2025\/04\/04-1-1.jpg 1500w\" sizes=\"(max-width: 1500px) 100vw, 1500px\" \/><\/div><\/div><\/div><div class=\"swiper-slide\"><div class=\"fusion-carousel-item-wrapper\"><div class=\"fusion-image-wrapper hover-type-none\"><img decoding=\"async\" width=\"1500\" height=\"1061\" src=\"https:\/\/www.martinaarch.com\/wp-content\/uploads\/2025\/04\/03_edt.png\" class=\"attachment-full size-full\" alt=\"\" srcset=\"https:\/\/www.martinaarch.com\/wp-content\/uploads\/2025\/04\/03_edt-200x141.png 200w, https:\/\/www.martinaarch.com\/wp-content\/uploads\/2025\/04\/03_edt-300x212.png 300w, https:\/\/www.martinaarch.com\/wp-content\/uploads\/2025\/04\/03_edt-400x283.png 400w, https:\/\/www.martinaarch.com\/wp-content\/uploads\/2025\/04\/03_edt-600x424.png 600w, https:\/\/www.martinaarch.com\/wp-content\/uploads\/2025\/04\/03_edt-768x543.png 768w, https:\/\/www.martinaarch.com\/wp-content\/uploads\/2025\/04\/03_edt-800x566.png 800w, https:\/\/www.martinaarch.com\/wp-content\/uploads\/2025\/04\/03_edt-1024x724.png 1024w, https:\/\/www.martinaarch.com\/wp-content\/uploads\/2025\/04\/03_edt-1200x849.png 1200w, https:\/\/www.martinaarch.com\/wp-content\/uploads\/2025\/04\/03_edt.png 1500w\" sizes=\"(max-width: 1500px) 100vw, 1500px\" \/><\/div><\/div><\/div><div class=\"swiper-slide\"><div class=\"fusion-carousel-item-wrapper\"><div class=\"fusion-image-wrapper hover-type-none\"><img decoding=\"async\" width=\"1500\" height=\"1061\" src=\"https:\/\/www.martinaarch.com\/wp-content\/uploads\/2025\/04\/09_edt.jpg\" class=\"attachment-full size-full\" alt=\"\" srcset=\"https:\/\/www.martinaarch.com\/wp-content\/uploads\/2025\/04\/09_edt-200x141.jpg 200w, https:\/\/www.martinaarch.com\/wp-content\/uploads\/2025\/04\/09_edt-300x212.jpg 300w, https:\/\/www.martinaarch.com\/wp-content\/uploads\/2025\/04\/09_edt-400x283.jpg 400w, https:\/\/www.martinaarch.com\/wp-content\/uploads\/2025\/04\/09_edt-600x424.jpg 600w, https:\/\/www.martinaarch.com\/wp-content\/uploads\/2025\/04\/09_edt-768x543.jpg 768w, https:\/\/www.martinaarch.com\/wp-content\/uploads\/2025\/04\/09_edt-800x566.jpg 800w, https:\/\/www.martinaarch.com\/wp-content\/uploads\/2025\/04\/09_edt-1024x724.jpg 1024w, https:\/\/www.martinaarch.com\/wp-content\/uploads\/2025\/04\/09_edt-1200x849.jpg 1200w, https:\/\/www.martinaarch.com\/wp-content\/uploads\/2025\/04\/09_edt.jpg 1500w\" sizes=\"(max-width: 1500px) 100vw, 1500px\" \/><\/div><\/div><\/div><div class=\"swiper-slide\"><div class=\"fusion-carousel-item-wrapper\"><div class=\"fusion-image-wrapper hover-type-none\"><img decoding=\"async\" width=\"1500\" height=\"1061\" src=\"https:\/\/www.martinaarch.com\/wp-content\/uploads\/2025\/04\/07-1.jpg\" class=\"attachment-full size-full\" alt=\"\" srcset=\"https:\/\/www.martinaarch.com\/wp-content\/uploads\/2025\/04\/07-1-200x141.jpg 200w, https:\/\/www.martinaarch.com\/wp-content\/uploads\/2025\/04\/07-1-300x212.jpg 300w, https:\/\/www.martinaarch.com\/wp-content\/uploads\/2025\/04\/07-1-400x283.jpg 400w, https:\/\/www.martinaarch.com\/wp-content\/uploads\/2025\/04\/07-1-600x424.jpg 600w, https:\/\/www.martinaarch.com\/wp-content\/uploads\/2025\/04\/07-1-768x543.jpg 768w, https:\/\/www.martinaarch.com\/wp-content\/uploads\/2025\/04\/07-1-800x566.jpg 800w, https:\/\/www.martinaarch.com\/wp-content\/uploads\/2025\/04\/07-1-1024x724.jpg 1024w, https:\/\/www.martinaarch.com\/wp-content\/uploads\/2025\/04\/07-1-1200x849.jpg 1200w, https:\/\/www.martinaarch.com\/wp-content\/uploads\/2025\/04\/07-1.jpg 1500w\" sizes=\"(max-width: 1500px) 100vw, 1500px\" \/><\/div><\/div><\/div><div class=\"swiper-slide\"><div class=\"fusion-carousel-item-wrapper\"><div class=\"fusion-image-wrapper hover-type-none\"><img decoding=\"async\" width=\"1500\" height=\"1061\" src=\"https:\/\/www.martinaarch.com\/wp-content\/uploads\/2025\/04\/06-1.jpg\" class=\"attachment-full size-full\" alt=\"\" srcset=\"https:\/\/www.martinaarch.com\/wp-content\/uploads\/2025\/04\/06-1-200x141.jpg 200w, https:\/\/www.martinaarch.com\/wp-content\/uploads\/2025\/04\/06-1-300x212.jpg 300w, https:\/\/www.martinaarch.com\/wp-content\/uploads\/2025\/04\/06-1-400x283.jpg 400w, https:\/\/www.martinaarch.com\/wp-content\/uploads\/2025\/04\/06-1-600x424.jpg 600w, https:\/\/www.martinaarch.com\/wp-content\/uploads\/2025\/04\/06-1-768x543.jpg 768w, https:\/\/www.martinaarch.com\/wp-content\/uploads\/2025\/04\/06-1-800x566.jpg 800w, https:\/\/www.martinaarch.com\/wp-content\/uploads\/2025\/04\/06-1-1024x724.jpg 1024w, https:\/\/www.martinaarch.com\/wp-content\/uploads\/2025\/04\/06-1-1200x849.jpg 1200w, https:\/\/www.martinaarch.com\/wp-content\/uploads\/2025\/04\/06-1.jpg 1500w\" sizes=\"(max-width: 1500px) 100vw, 1500px\" \/><\/div><\/div><\/div><div class=\"swiper-slide\"><div class=\"fusion-carousel-item-wrapper\"><div class=\"fusion-image-wrapper hover-type-none\"><img decoding=\"async\" width=\"2000\" height=\"1414\" src=\"https:\/\/www.martinaarch.com\/wp-content\/uploads\/2025\/04\/05-1.jpg\" class=\"attachment-full size-full\" alt=\"\" srcset=\"https:\/\/www.martinaarch.com\/wp-content\/uploads\/2025\/04\/05-1-200x141.jpg 200w, https:\/\/www.martinaarch.com\/wp-content\/uploads\/2025\/04\/05-1-300x212.jpg 300w, https:\/\/www.martinaarch.com\/wp-content\/uploads\/2025\/04\/05-1-400x283.jpg 400w, https:\/\/www.martinaarch.com\/wp-content\/uploads\/2025\/04\/05-1-600x424.jpg 600w, https:\/\/www.martinaarch.com\/wp-content\/uploads\/2025\/04\/05-1-768x543.jpg 768w, https:\/\/www.martinaarch.com\/wp-content\/uploads\/2025\/04\/05-1-800x566.jpg 800w, https:\/\/www.martinaarch.com\/wp-content\/uploads\/2025\/04\/05-1-1024x724.jpg 1024w, https:\/\/www.martinaarch.com\/wp-content\/uploads\/2025\/04\/05-1-1200x848.jpg 1200w, https:\/\/www.martinaarch.com\/wp-content\/uploads\/2025\/04\/05-1-1536x1086.jpg 1536w, https:\/\/www.martinaarch.com\/wp-content\/uploads\/2025\/04\/05-1.jpg 2000w\" sizes=\"(max-width: 2000px) 100vw, 2000px\" \/><\/div><\/div><\/div><div class=\"swiper-slide\"><div class=\"fusion-carousel-item-wrapper\"><div class=\"fusion-image-wrapper hover-type-none\"><img decoding=\"async\" width=\"1500\" height=\"1061\" src=\"https:\/\/www.martinaarch.com\/wp-content\/uploads\/2025\/04\/08.png\" class=\"attachment-full size-full\" alt=\"\" srcset=\"https:\/\/www.martinaarch.com\/wp-content\/uploads\/2025\/04\/08-200x141.png 200w, https:\/\/www.martinaarch.com\/wp-content\/uploads\/2025\/04\/08-300x212.png 300w, https:\/\/www.martinaarch.com\/wp-content\/uploads\/2025\/04\/08-400x283.png 400w, https:\/\/www.martinaarch.com\/wp-content\/uploads\/2025\/04\/08-600x424.png 600w, https:\/\/www.martinaarch.com\/wp-content\/uploads\/2025\/04\/08-768x543.png 768w, https:\/\/www.martinaarch.com\/wp-content\/uploads\/2025\/04\/08-800x566.png 800w, https:\/\/www.martinaarch.com\/wp-content\/uploads\/2025\/04\/08-1024x724.png 1024w, https:\/\/www.martinaarch.com\/wp-content\/uploads\/2025\/04\/08-1200x849.png 1200w, https:\/\/www.martinaarch.com\/wp-content\/uploads\/2025\/04\/08.png 1500w\" sizes=\"(max-width: 1500px) 100vw, 1500px\" \/><\/div><\/div><\/div><div class=\"swiper-slide\"><div class=\"fusion-carousel-item-wrapper\"><div class=\"fusion-image-wrapper hover-type-none\"><img decoding=\"async\" width=\"1500\" height=\"1061\" src=\"https:\/\/www.martinaarch.com\/wp-content\/uploads\/2025\/04\/03-1-1.jpg\" class=\"attachment-full size-full\" alt=\"\" srcset=\"https:\/\/www.martinaarch.com\/wp-content\/uploads\/2025\/04\/03-1-1-200x141.jpg 200w, https:\/\/www.martinaarch.com\/wp-content\/uploads\/2025\/04\/03-1-1-300x212.jpg 300w, https:\/\/www.martinaarch.com\/wp-content\/uploads\/2025\/04\/03-1-1-400x283.jpg 400w, https:\/\/www.martinaarch.com\/wp-content\/uploads\/2025\/04\/03-1-1-600x424.jpg 600w, https:\/\/www.martinaarch.com\/wp-content\/uploads\/2025\/04\/03-1-1-768x543.jpg 768w, https:\/\/www.martinaarch.com\/wp-content\/uploads\/2025\/04\/03-1-1-800x566.jpg 800w, https:\/\/www.martinaarch.com\/wp-content\/uploads\/2025\/04\/03-1-1-1024x724.jpg 1024w, https:\/\/www.martinaarch.com\/wp-content\/uploads\/2025\/04\/03-1-1-1200x849.jpg 1200w, https:\/\/www.martinaarch.com\/wp-content\/uploads\/2025\/04\/03-1-1.jpg 1500w\" sizes=\"(max-width: 1500px) 100vw, 1500px\" \/><\/div><\/div><\/div><\/div><div class=\"awb-swiper-button awb-swiper-button-prev\"><i class=\"awb-icon-angle-left\" aria-hidden=\"true\"><\/i><\/div><div class=\"awb-swiper-button awb-swiper-button-next\"><i class=\"awb-icon-angle-right\" aria-hidden=\"true\"><\/i><\/div><\/div><\/div><div class=\"fusion-clearfix\"><\/div><\/div><\/div><div class=\"fusion-layout-column fusion_builder_column fusion-builder-column-13 fusion_builder_column_1_2 1_2 fusion-one-half fusion-column-first\" style=\"--awb-bg-size:cover;--awb-margin-top:174px;width:50%;width:calc(50% - ( ( 4% ) * 0.5 ) );margin-right: 4%;\"><div class=\"fusion-column-wrapper fusion-column-has-shadow fusion-flex-column-wrapper-legacy\"><div class=\"fusion-builder-row fusion-builder-row-inner fusion-row\"><div class=\"fusion-layout-column fusion_builder_column_inner fusion-builder-nested-column-11 fusion_builder_column_inner_1_1 1_1 fusion-one-full fusion-column-first fusion-column-last\" style=\"--awb-bg-size:cover;--awb-margin-top:0px;--awb-margin-bottom:0px;\"><div class=\"fusion-column-wrapper fusion-column-has-shadow fusion-flex-column-wrapper-legacy\"><div class=\"fusion-text fusion-text-11\" style=\"--awb-text-transform:none;\"><h3 class=\"fusion-responsive-typography-calculated\" style=\"text-align: left; --fontsize: 28; line-height: 1.72; --minfontsize: 12;\" data-fontsize=\"28\" data-lineheight=\"48.16px\">Caracter\u00edsticas \u00fanicas<\/h3>\n<\/div><div class=\"fusion-clearfix\"><\/div><\/div><\/div><\/div><div class=\"fusion-builder-row fusion-builder-row-inner fusion-row\"><div class=\"fusion-layout-column fusion_builder_column_inner fusion-builder-nested-column-12 fusion_builder_column_inner_1_1 1_1 fusion-one-full fusion-column-first fusion-column-last\" style=\"--awb-bg-size:cover;--awb-margin-top:0px;--awb-margin-bottom:20px;\"><div class=\"fusion-column-wrapper fusion-column-has-shadow fusion-flex-column-wrapper-legacy\"><div class=\"fusion-text fusion-text-12\" style=\"--awb-text-transform:none;\"><ul>\n<li><strong>El vac\u00edo como material arquitect\u00f3nico:<\/strong> La intervenci\u00f3n valoriza el solar vac\u00edo adyacente, transform\u00e1ndolo en un espacio estructurante para el acceso y la vida. Este vac\u00edo se convierte en parte integrante de la arquitectura, abriendo el edificio a la ciudad y a la luz. <\/li>\n<li><strong>Escalera met\u00e1lica como elemento central:<\/strong> Una escalera blanca y ligera recorre verticalmente el vac\u00edo lateral. M\u00e1s que funcional, es un elemento de dise\u00f1o y ligereza, que une las distintas plantas con elegancia y precisi\u00f3n. <\/li>\n<li><strong>Entrada com\u00fan como espacio de transici\u00f3n:<\/strong> La nueva entrada est\u00e1 dise\u00f1ada como un recorrido entre el exterior urbano y los interiores residenciales.<\/li>\n<li><strong>Rehabilitaci\u00f3n consciente y contenida:<\/strong> La propuesta respeta la estructura original del edificio, introduciendo tipolog\u00edas de un dormitorio con zonas contenidas.<\/li>\n<\/ul>\n<\/div><div class=\"fusion-clearfix\"><\/div><\/div><\/div><\/div><div class=\"fusion-clearfix\"><\/div><\/div><\/div><div class=\"fusion-layout-column fusion_builder_column fusion-builder-column-14 fusion_builder_column_1_2 1_2 fusion-one-half fusion-column-last\" style=\"--awb-padding-top:52px;--awb-bg-size:cover;--awb-margin-top:55px;width:50%;width:calc(50% - ( ( 4% ) * 0.5 ) );\"><div class=\"fusion-column-wrapper fusion-column-has-shadow fusion-flex-column-wrapper-legacy\"><div class=\"fusion-image-carousel fusion-image-carousel-auto fusion-image-carousel-6\"><div class=\"awb-carousel awb-swiper awb-swiper-carousel awb-carousel--carousel awb-swiper-dots-position-bottom\" data-layout=\"carousel\" data-autoplay=\"yes\" data-autoplayspeed=\"2500\" data-autoplaypause=\"no\" data-columns=\"1\" data-columnsmedium=\"1\" data-columnssmall=\"1\" data-itemmargin=\"13\" data-itemwidth=\"180\" data-touchscroll=\"drag\" data-freemode=\"no\" data-imagesize=\"auto\" data-scrollitems=\"0\" data-centeredslides=\"no\" data-rotationangle=\"50\" data-depth=\"100\" data-speed=\"500\" data-shadow=\"no\" data-pagination=\"bullets\" style=\"--awb-columns:1;\"><div class=\"swiper-wrapper awb-image-carousel-wrapper fusion-flex-align-items-center\"><div class=\"swiper-slide\"><div class=\"fusion-carousel-item-wrapper\"><div class=\"fusion-image-wrapper hover-type-none\"><img decoding=\"async\" width=\"1536\" height=\"2048\" src=\"https:\/\/www.martinaarch.com\/wp-content\/uploads\/2024\/07\/WhatsApp-Image-2024-04-08-at-09.25.36.jpeg\" class=\"attachment-full size-full\" alt=\"\" srcset=\"https:\/\/www.martinaarch.com\/wp-content\/uploads\/2024\/07\/WhatsApp-Image-2024-04-08-at-09.25.36-200x267.jpeg 200w, https:\/\/www.martinaarch.com\/wp-content\/uploads\/2024\/07\/WhatsApp-Image-2024-04-08-at-09.25.36-225x300.jpeg 225w, https:\/\/www.martinaarch.com\/wp-content\/uploads\/2024\/07\/WhatsApp-Image-2024-04-08-at-09.25.36-400x533.jpeg 400w, https:\/\/www.martinaarch.com\/wp-content\/uploads\/2024\/07\/WhatsApp-Image-2024-04-08-at-09.25.36-600x800.jpeg 600w, https:\/\/www.martinaarch.com\/wp-content\/uploads\/2024\/07\/WhatsApp-Image-2024-04-08-at-09.25.36-768x1024.jpeg 768w, https:\/\/www.martinaarch.com\/wp-content\/uploads\/2024\/07\/WhatsApp-Image-2024-04-08-at-09.25.36-800x1067.jpeg 800w, https:\/\/www.martinaarch.com\/wp-content\/uploads\/2024\/07\/WhatsApp-Image-2024-04-08-at-09.25.36-1152x1536.jpeg 1152w, https:\/\/www.martinaarch.com\/wp-content\/uploads\/2024\/07\/WhatsApp-Image-2024-04-08-at-09.25.36-1200x1600.jpeg 1200w, https:\/\/www.martinaarch.com\/wp-content\/uploads\/2024\/07\/WhatsApp-Image-2024-04-08-at-09.25.36.jpeg 1536w\" sizes=\"(max-width: 1536px) 100vw, 1536px\" \/><\/div><\/div><\/div><div class=\"swiper-slide\"><div class=\"fusion-carousel-item-wrapper\"><div class=\"fusion-image-wrapper hover-type-none\"><img decoding=\"async\" width=\"1536\" height=\"2048\" src=\"https:\/\/www.martinaarch.com\/wp-content\/uploads\/2024\/07\/WhatsApp-Image-2024-04-08-at-09.25.38.jpeg\" class=\"attachment-full size-full\" alt=\"\" srcset=\"https:\/\/www.martinaarch.com\/wp-content\/uploads\/2024\/07\/WhatsApp-Image-2024-04-08-at-09.25.38-200x267.jpeg 200w, https:\/\/www.martinaarch.com\/wp-content\/uploads\/2024\/07\/WhatsApp-Image-2024-04-08-at-09.25.38-225x300.jpeg 225w, https:\/\/www.martinaarch.com\/wp-content\/uploads\/2024\/07\/WhatsApp-Image-2024-04-08-at-09.25.38-400x533.jpeg 400w, https:\/\/www.martinaarch.com\/wp-content\/uploads\/2024\/07\/WhatsApp-Image-2024-04-08-at-09.25.38-600x800.jpeg 600w, https:\/\/www.martinaarch.com\/wp-content\/uploads\/2024\/07\/WhatsApp-Image-2024-04-08-at-09.25.38-768x1024.jpeg 768w, https:\/\/www.martinaarch.com\/wp-content\/uploads\/2024\/07\/WhatsApp-Image-2024-04-08-at-09.25.38-800x1067.jpeg 800w, https:\/\/www.martinaarch.com\/wp-content\/uploads\/2024\/07\/WhatsApp-Image-2024-04-08-at-09.25.38-1152x1536.jpeg 1152w, https:\/\/www.martinaarch.com\/wp-content\/uploads\/2024\/07\/WhatsApp-Image-2024-04-08-at-09.25.38-1200x1600.jpeg 1200w, https:\/\/www.martinaarch.com\/wp-content\/uploads\/2024\/07\/WhatsApp-Image-2024-04-08-at-09.25.38.jpeg 1536w\" sizes=\"(max-width: 1536px) 100vw, 1536px\" \/><\/div><\/div><\/div><\/div><div class=\"awb-swiper-button awb-swiper-button-prev\"><i class=\"awb-icon-angle-left\" aria-hidden=\"true\"><\/i><\/div><div class=\"awb-swiper-button awb-swiper-button-next\"><i class=\"awb-icon-angle-right\" aria-hidden=\"true\"><\/i><\/div><\/div><\/div><div class=\"fusion-clearfix\"><\/div><\/div><\/div><\/div><\/div><\/p>\n","protected":false},"excerpt":{"rendered":"","protected":false},"author":1,"featured_media":21485,"menu_order":0,"comment_status":"closed","ping_status":"closed","template":"","format":"standard","meta":{"_joinchat":[],"footnotes":""},"portfolio_category":[168,175,194],"portfolio_skills":[],"portfolio_tags":[113],"class_list":["post-21777","avada_portfolio","type-avada_portfolio","status-publish","format-standard","has-post-thumbnail","hentry","portfolio_category-arquitectura","portfolio_category-edificios-plurifamiliares","portfolio_category-rehabilitacion","portfolio_tags-rehabilitacion"],"_links":{"self":[{"href":"https:\/\/www.martinaarch.com\/es\/wp-json\/wp\/v2\/avada_portfolio\/21777","targetHints":{"allow":["GET"]}}],"collection":[{"href":"https:\/\/www.martinaarch.com\/es\/wp-json\/wp\/v2\/avada_portfolio"}],"about":[{"href":"https:\/\/www.martinaarch.com\/es\/wp-json\/wp\/v2\/types\/avada_portfolio"}],"author":[{"embeddable":true,"href":"https:\/\/www.martinaarch.com\/es\/wp-json\/wp\/v2\/users\/1"}],"replies":[{"embeddable":true,"href":"https:\/\/www.martinaarch.com\/es\/wp-json\/wp\/v2\/comments?post=21777"}],"version-history":[{"count":12,"href":"https:\/\/www.martinaarch.com\/es\/wp-json\/wp\/v2\/avada_portfolio\/21777\/revisions"}],"predecessor-version":[{"id":28062,"href":"https:\/\/www.martinaarch.com\/es\/wp-json\/wp\/v2\/avada_portfolio\/21777\/revisions\/28062"}],"wp:featuredmedia":[{"embeddable":true,"href":"https:\/\/www.martinaarch.com\/es\/wp-json\/wp\/v2\/media\/21485"}],"wp:attachment":[{"href":"https:\/\/www.martinaarch.com\/es\/wp-json\/wp\/v2\/media?parent=21777"}],"wp:term":[{"taxonomy":"portfolio_category","embeddable":true,"href":"https:\/\/www.martinaarch.com\/es\/wp-json\/wp\/v2\/portfolio_category?post=21777"},{"taxonomy":"portfolio_skills","embeddable":true,"href":"https:\/\/www.martinaarch.com\/es\/wp-json\/wp\/v2\/portfolio_skills?post=21777"},{"taxonomy":"portfolio_tags","embeddable":true,"href":"https:\/\/www.martinaarch.com\/es\/wp-json\/wp\/v2\/portfolio_tags?post=21777"}],"curies":[{"name":"wp","href":"https:\/\/api.w.org\/{rel}","templated":true}]}}